{"id":1217,"date":"2019-03-18T16:17:27","date_gmt":"2019-03-18T15:17:27","guid":{"rendered":"http:\/\/urdaburu.eus\/?page_id=1217"},"modified":"2024-10-22T22:36:46","modified_gmt":"2024-10-22T21:36:46","slug":"eskolartekoak-2018-19ko-egutegia","status":"publish","type":"page","link":"https:\/\/urdaburu.eus\/es\/eskolartekoak-2018-19ko-egutegia\/","title":{"rendered":"Escolares: calendario 2018-19"},"content":{"rendered":"\n<div class=\"wp-block-columns\">\n<div class=\"wp-block-column\" style=\"flex-basis:66.66%\">\n<p>LUGARES ASOMBROSOS DE GIPUZKOA<\/p>\n<table>\n<tbody>\n<tr>\n<th>Etapa<\/th>\n<th>Fecha<\/th>\n<th>Puntos<\/th>\n<th>Jornada completa<\/th>\n<th>Acompa\u00f1antes<\/th>\n<\/tr>\n<tr>\n<td>D\u00eda del finalista: Villabona<\/td>\n<td>21 octubre<\/td>\n<td>2<\/td>\n<td>NO<\/td>\n<td>NO<\/td>\n<\/tr>\n<tr>\n<td>D\u00eda escolar (2017-2018 Premios del concurso de fotograf\u00eda)<\/td>\n<td>24 octubre<\/td>\n<\/tr>\n<tr>\n<td>Jaizkibel (Justiz \u2013 Gastarrotz)<\/td>\n<td>11 noviembre<\/td>\n<td>1<\/td>\n<td>NO<\/td>\n<td>SI<\/td>\n<\/tr>\n<tr>\n<td>D\u00eda de Urdaburu<\/td>\n<td>25 noviembre<\/td>\n<td>2<\/td>\n<td>SI<\/td>\n<td>SI<\/td>\n<\/tr>\n<tr>\n<td>Besabi &#8211; Adarra &#8211; Andoain<\/td>\n<td>16 diciembre<\/td>\n<td>2<\/td>\n<td>NO<\/td>\n<td>SI<\/td>\n<\/tr>\n<tr>\n<td>Orientaci\u00f3n (Irukurutzeta)<\/td>\n<td>27 enero<\/td>\n<td>2<\/td>\n<td>NO<\/td>\n<td>NO<\/td>\n<\/tr>\n<tr>\n<td><a href=\"https:\/\/urdaburu.eus\/event\/eskolartekoak-gipuzkoako-txoko-magikoak-olatz-arno-urkarregi\/\">Olatz &#8211; Arno &#8211; Urkarregi<\/a><\/td>\n<td>10 febrero<\/td>\n<td>2<\/td>\n<td>NO<\/td>\n<td>SI<\/td>\n<\/tr>\n<tr>\n<td><a href=\"https:\/\/urdaburu.eus\/event\/eskolartekoak-gipuzkoako-txoko-magikoak-larraitz-auza-gaztelu-zaldibia\/\">Larraitz &#8211; Auza Gaztelu &#8211; Zaldibia<\/a><\/td>\n<td>24 febrero<\/td>\n<td>2<\/td>\n<td>NO<\/td>\n<td>SI<\/td>\n<\/tr>\n<tr>\n<td><a href=\"https:\/\/urdaburu.eus\/event\/eskolartekoak-ibilaldi-neurtua-pasaia\/\">Marcha regulada: Pasaia<\/a><\/td>\n<td>10 marzo<\/td>\n<td>2<\/td>\n<td>NO<\/td>\n<td>NO<\/td>\n<\/tr>\n<tr>\n<td><a href=\"https:\/\/urdaburu.eus\/event\/escolares-reincones-magicos-de-gipuzkoa-altzibar-planos-inclinados\/\">Altzibar (Planos inclinados)<\/a><\/td>\n<td>24 marzo<\/td>\n<td>1<\/td>\n<td>NO<\/td>\n<td>SI<\/td>\n<\/tr>\n<tr>\n<td><a href=\"https:\/\/urdaburu.eus\/es\/event\/escolares-rincones-magicos-de-gipuzkoa-gazume-ernio\/\">Gazume &#8211; Ernio<\/a><\/td>\n<td>7 abril<\/td>\n<td>3<\/td>\n<td>SI<\/td>\n<td>SI<\/td>\n<\/tr>\n<tr>\n<td><a href=\"https:\/\/urdaburu.eus\/event\/eskolartekoak-ollonera-asteburuko-irteera\/\">Salida fin de curso<\/a><\/td>\n<td>11\/12 mayo<\/td>\n<td>&nbsp;<\/td>\n<td>SI(2)<\/td>\n<td>NO<\/td>\n<\/tr>\n<\/tbody>\n<\/table>\n<p>Para conseguir la medalla, han de conseguirse a lo largo del curso 13 puntos.<\/p>\n<\/div>\n\n\n\n<div class=\"wp-block-column\" style=\"flex-basis:33.33%\">\n<div id=\"secondary\">\n<aside class=\"widget widget_categories clearfix\">\n        <h4 class=\"widget-title\"><span>Escolares<\/span><\/h4>\n        <ul>\n            <li class=\"cat-item\"><a href=\"https:\/\/urdaburu.eus\/eskolartekoak\/\">Introduccion<\/a>\n            <\/li>\n            <li class=\"cat-item\"><a href=\"https:\/\/urdaburu.eus\/eskolartekoak-hasierak\/\">Historia<\/a>\n            <\/li>\n        <\/ul>\n    <\/aside>\n    <aside class=\"widget widget_categories clearfix\">\n        <h4 class=\"widget-title\"><span>Orereta Ikastola<\/span><\/h4>\n        <ul>\n            <li class=\"cat-item\"><a href=\"https:\/\/urdaburu.eus\/eskolartekoak-orereta-ikastola\/\">Colaboraci\u00f3n<\/a>\n            <\/li>\n <li class=\"cat-item\"><a href=\"https:\/\/urdaburu.eus\/eskolartekoak-araudia\/\">Normas<\/a>\n            <\/li>\n            <li class=\"cat-item\"><a href=\"https:\/\/urdaburu.eus\/es\/escolares-calendario-2024-25\/\">Calendario<\/a>\n            <\/li>\n            <li class=\"cat-item\"><a href=\"https:\/\/urdaburu.eus\/eskolartekoak-2019-20-egutegia\/\">Calendario 19-20<\/a>\n            <\/li>\n            <li class=\"cat-item\"><a href=\"https:\/\/urdaburu.eus\/eskolartekoak-2018-19-egutegia\/\">Calendario 18-19<\/a>\n            <\/li>\n            <li class=\"cat-item\"><a href=\"https:\/\/urdaburu.eus\/es\/eskolartekoak-monitors-2\/\">Monitores\/as<\/a>\n            <\/li>\n        <\/ul>\n    <\/aside>\n<\/div>\n<\/div>\n<\/div>\n","protected":false},"excerpt":{"rendered":"<p>LUGARES ASOMBROSOS DE GIPUZKOA Etapa Fecha Puntos Jornada completa Acompa\u00f1antes D\u00eda del finalista: Villabona 21 octubre 2 NO NO D\u00eda escolar (2017-2018 Premios del concurso<\/p>\n","protected":false},"author":2,"featured_media":0,"parent":0,"menu_order":0,"comment_status":"closed","ping_status":"closed","template":"","meta":[],"yoast_head":"<!-- This site is optimized with the Yoast SEO plugin v19.1 - https:\/\/yoast.com\/wordpress\/plugins\/seo\/ -->\n<title>Escolares: calendario 2018-19 - Urdaburu<\/title>\n<meta name=\"robots\" content=\"index, follow, max-snippet:-1, max-image-preview:large, max-video-preview:-1\" \/>\n<link rel=\"canonical\" href=\"https:\/\/urdaburu.eus\/es\/eskolartekoak-2018-19ko-egutegia\/\" \/>\n<meta property=\"og:locale\" content=\"es_ES\" \/>\n<meta property=\"og:type\" content=\"article\" \/>\n<meta property=\"og:title\" content=\"Escolares: calendario 2018-19 - Urdaburu\" \/>\n<meta property=\"og:description\" content=\"LUGARES ASOMBROSOS DE GIPUZKOA Etapa Fecha Puntos Jornada completa Acompa\u00f1antes D\u00eda del finalista: Villabona 21 octubre 2 NO NO D\u00eda escolar (2017-2018 Premios del concurso\" \/>\n<meta property=\"og:url\" content=\"https:\/\/urdaburu.eus\/es\/eskolartekoak-2018-19ko-egutegia\/\" \/>\n<meta property=\"og:site_name\" content=\"Urdaburu\" \/>\n<meta property=\"article:modified_time\" content=\"2024-10-22T21:36:46+00:00\" \/>\n<meta name=\"twitter:card\" content=\"summary_large_image\" \/>\n<meta name=\"twitter:label1\" content=\"Est. reading time\" \/>\n\t<meta name=\"twitter:data1\" content=\"1 minuto\" \/>\n<script type=\"application\/ld+json\" class=\"yoast-schema-graph\">{\"@context\":\"https:\/\/schema.org\",\"@graph\":[{\"@type\":\"WebSite\",\"@id\":\"https:\/\/urdaburu.eus\/#website\",\"url\":\"https:\/\/urdaburu.eus\/\",\"name\":\"Urdaburu\",\"description\":\"Grupo de Monta\u00f1a \",\"potentialAction\":[{\"@type\":\"SearchAction\",\"target\":{\"@type\":\"EntryPoint\",\"urlTemplate\":\"https:\/\/urdaburu.eus\/?s={search_term_string}\"},\"query-input\":\"required name=search_term_string\"}],\"inLanguage\":\"es\"},{\"@type\":\"WebPage\",\"@id\":\"https:\/\/urdaburu.eus\/es\/eskolartekoak-2018-19ko-egutegia\/#webpage\",\"url\":\"https:\/\/urdaburu.eus\/es\/eskolartekoak-2018-19ko-egutegia\/\",\"name\":\"Escolares: calendario 2018-19 - Urdaburu\",\"isPartOf\":{\"@id\":\"https:\/\/urdaburu.eus\/#website\"},\"datePublished\":\"2019-03-18T15:17:27+00:00\",\"dateModified\":\"2024-10-22T21:36:46+00:00\",\"breadcrumb\":{\"@id\":\"https:\/\/urdaburu.eus\/es\/eskolartekoak-2018-19ko-egutegia\/#breadcrumb\"},\"inLanguage\":\"es\",\"potentialAction\":[{\"@type\":\"ReadAction\",\"target\":[\"https:\/\/urdaburu.eus\/es\/eskolartekoak-2018-19ko-egutegia\/\"]}]},{\"@type\":\"BreadcrumbList\",\"@id\":\"https:\/\/urdaburu.eus\/es\/eskolartekoak-2018-19ko-egutegia\/#breadcrumb\",\"itemListElement\":[{\"@type\":\"ListItem\",\"position\":1,\"name\":\"Home\",\"item\":\"https:\/\/urdaburu.eus\/es\/\"},{\"@type\":\"ListItem\",\"position\":2,\"name\":\"Escolares: calendario 2018-19\"}]}]}<\/script>\n<!-- \/ Yoast SEO plugin. -->","yoast_head_json":{"title":"Escolares: calendario 2018-19 - Urdaburu","robots":{"index":"index","follow":"follow","max-snippet":"max-snippet:-1","max-image-preview":"max-image-preview:large","max-video-preview":"max-video-preview:-1"},"canonical":"https:\/\/urdaburu.eus\/es\/eskolartekoak-2018-19ko-egutegia\/","og_locale":"es_ES","og_type":"article","og_title":"Escolares: calendario 2018-19 - Urdaburu","og_description":"LUGARES ASOMBROSOS DE GIPUZKOA Etapa Fecha Puntos Jornada completa Acompa\u00f1antes D\u00eda del finalista: Villabona 21 octubre 2 NO NO D\u00eda escolar (2017-2018 Premios del concurso","og_url":"https:\/\/urdaburu.eus\/es\/eskolartekoak-2018-19ko-egutegia\/","og_site_name":"Urdaburu","article_modified_time":"2024-10-22T21:36:46+00:00","twitter_card":"summary_large_image","twitter_misc":{"Est. reading time":"1 minuto"},"schema":{"@context":"https:\/\/schema.org","@graph":[{"@type":"WebSite","@id":"https:\/\/urdaburu.eus\/#website","url":"https:\/\/urdaburu.eus\/","name":"Urdaburu","description":"Grupo de Monta\u00f1a ","potentialAction":[{"@type":"SearchAction","target":{"@type":"EntryPoint","urlTemplate":"https:\/\/urdaburu.eus\/?s={search_term_string}"},"query-input":"required name=search_term_string"}],"inLanguage":"es"},{"@type":"WebPage","@id":"https:\/\/urdaburu.eus\/es\/eskolartekoak-2018-19ko-egutegia\/#webpage","url":"https:\/\/urdaburu.eus\/es\/eskolartekoak-2018-19ko-egutegia\/","name":"Escolares: calendario 2018-19 - Urdaburu","isPartOf":{"@id":"https:\/\/urdaburu.eus\/#website"},"datePublished":"2019-03-18T15:17:27+00:00","dateModified":"2024-10-22T21:36:46+00:00","breadcrumb":{"@id":"https:\/\/urdaburu.eus\/es\/eskolartekoak-2018-19ko-egutegia\/#breadcrumb"},"inLanguage":"es","potentialAction":[{"@type":"ReadAction","target":["https:\/\/urdaburu.eus\/es\/eskolartekoak-2018-19ko-egutegia\/"]}]},{"@type":"BreadcrumbList","@id":"https:\/\/urdaburu.eus\/es\/eskolartekoak-2018-19ko-egutegia\/#breadcrumb","itemListElement":[{"@type":"ListItem","position":1,"name":"Home","item":"https:\/\/urdaburu.eus\/es\/"},{"@type":"ListItem","position":2,"name":"Escolares: calendario 2018-19"}]}]}},"_links":{"self":[{"href":"https:\/\/urdaburu.eus\/es\/wp-json\/wp\/v2\/pages\/1217"}],"collection":[{"href":"https:\/\/urdaburu.eus\/es\/wp-json\/wp\/v2\/pages"}],"about":[{"href":"https:\/\/urdaburu.eus\/es\/wp-json\/wp\/v2\/types\/page"}],"author":[{"embeddable":true,"href":"https:\/\/urdaburu.eus\/es\/wp-json\/wp\/v2\/users\/2"}],"replies":[{"embeddable":true,"href":"https:\/\/urdaburu.eus\/es\/wp-json\/wp\/v2\/comments?post=1217"}],"version-history":[{"count":17,"href":"https:\/\/urdaburu.eus\/es\/wp-json\/wp\/v2\/pages\/1217\/revisions"}],"predecessor-version":[{"id":6738,"href":"https:\/\/urdaburu.eus\/es\/wp-json\/wp\/v2\/pages\/1217\/revisions\/6738"}],"wp:attachment":[{"href":"https:\/\/urdaburu.eus\/es\/wp-json\/wp\/v2\/media?parent=1217"}],"curies":[{"name":"wp","href":"https:\/\/api.w.org\/{rel}","templated":true}]}}