{"id":551,"date":"2018-12-28T01:24:49","date_gmt":"2018-12-28T00:24:49","guid":{"rendered":"http:\/\/urdaburu.eus\/?page_id=551"},"modified":"2024-10-22T22:38:33","modified_gmt":"2024-10-22T21:38:33","slug":"escolares","status":"publish","type":"page","link":"https:\/\/urdaburu.eus\/es\/escolares\/","title":{"rendered":"Escolares"},"content":{"rendered":"\n<div class=\"wp-block-columns\">\n<div class=\"wp-block-column\" style=\"flex-basis:70%\">\n<p style=\"text-align: justify;\"><img loading=\"lazy\" class=\"size-medium wp-image-1237 alignleft\" src=\"\/app\/uploads\/2019\/03\/mendiTaldea-300x211.jpg\" alt=\"\" width=\"300\" height=\"211\">Urdaburu Mendizale Elkartea participa en la actividad &#8216;Concurso de monta\u00f1a&#8217; que forma parte del programa &#8216;<a href=\"https:\/\/www.gmf.eus\/montanismo-escolar\/\" target=\"_blank\" rel=\"noopener\">Eskola Mendi<\/a>&#8216; que ofrece la Federaci\u00f3n Gipuzkoana de Monta\u00f1a, como parte integrante de la campa\u00f1a de Deporte Escolar que anualmente impulsa y promociona la Direcci\u00f3n General de Juventud y Deportes de la Diputaci\u00f3n Foral de Gipuzkoa. El objetivo de esta actividad es fomentar la afici\u00f3n a la monta\u00f1a entre escolares, de manera que las y los participantes que consiguen realizar los objetivos establecidos en las bases quedan clasificados como finalistas y reciben un diploma acreditativo.<\/p>\n<p style=\"text-align: justify;\">Para clasificarse hay que cubrir los siguientes objetivos: ascender a 4 cumbres de Euskal Herria; recorrer 2 senderos de peque\u00f1o recorrido, PR (las cumbres y los senderos las realizan los centros participantes en las fechas de su elecci\u00f3n); y participar en una de las 5 marchas reguladas. En total ser\u00edan 7 salidas, y en caso de no participar en la marcha regulada habr\u00e1 que completar un total de 8 salidas.<\/p>\n\n\n\t\t\t\t\t\t<div class=\"gallery_box_single\">\n\t\t\t\t\t\t\t\t\t\t\t\t\t\t\t<div class=\"gallery gllr_grid\" data-gllr-columns=\"3\" data-gllr-border-width=\"10\">\n\t\t\t\t\t\t\t\t\t\t\t\t\t\t\t\t\t\t\t\t<div class=\"gllr_image_row\">\n\t\t\t\t\t\t\t\t\t\t\t\t\t\t\t\t\t\t\t\t\t<div class=\"gllr_image_block\">\n\t\t\t\t\t\t\t\t\t\t\t\t<p style=\"width:170px;height:170px;\">\n\t\t\t\t\t\t\t\t\t\t\t\t\t\t\t\t\t\t\t\t\t\t\t\t\t\t\t\t<a data-fancybox=\"gallery_fancybox_3523\" href=\"\/app\/uploads\/2021\/11\/Eskolartekoak-2018-4-22-OTSAURTE-ARANTZAZU-005-1024x768.jpg\" title=\"\" >\n\t\t\t\t\t\t\t\t\t\t\t\t\t\t\t\t<img width=\"150\"height=\"150\" style=\"width:150px;height:150px;border-width: 10px; border-color:#F1F1F1;border: 10px solid #F1F1F1\" alt=\"\" title=\"\" src=\"\/app\/uploads\/2021\/11\/Eskolartekoak-2018-4-22-OTSAURTE-ARANTZAZU-005-150x150.jpg\" rel=\"\/app\/uploads\/2021\/11\/Eskolartekoak-2018-4-22-OTSAURTE-ARANTZAZU-005.jpg\" \/>\n\t\t\t\t\t\t\t\t\t\t\t\t\t\t\t<\/a>\n\t\t\t\t\t\t\t\t\t\t\t\t\t\t\t\t\t\t\t\t\t\t\t\t\t<\/p>\n\t\t\t\t\t\t\t\t\t\t\t\t\t\t\t\t\t\t\t\t\t\t\t<\/div><!-- .gllr_image_block -->\n\t\t\t\t\t\t\t\t\t\t\t\t\t\t\t\t\t\t\t\t\t<div class=\"gllr_image_block\">\n\t\t\t\t\t\t\t\t\t\t\t\t<p style=\"width:170px;height:170px;\">\n\t\t\t\t\t\t\t\t\t\t\t\t\t\t\t\t\t\t\t\t\t\t\t\t\t\t\t\t<a data-fancybox=\"gallery_fancybox_3523\" href=\"\/app\/uploads\/2021\/11\/Eskolartekoak-IMG_20181111_094544-1024x768.jpg\" title=\"\" >\n\t\t\t\t\t\t\t\t\t\t\t\t\t\t\t\t<img width=\"150\"height=\"150\" style=\"width:150px;height:150px;border-width: 10px; border-color:#F1F1F1;border: 10px solid #F1F1F1\" alt=\"\" title=\"\" src=\"\/app\/uploads\/2021\/11\/Eskolartekoak-IMG_20181111_094544-150x150.jpg\" rel=\"\/app\/uploads\/2021\/11\/Eskolartekoak-IMG_20181111_094544.jpg\" \/>\n\t\t\t\t\t\t\t\t\t\t\t\t\t\t\t<\/a>\n\t\t\t\t\t\t\t\t\t\t\t\t\t\t\t\t\t\t\t\t\t\t\t\t\t<\/p>\n\t\t\t\t\t\t\t\t\t\t\t\t\t\t\t\t\t\t\t\t\t\t\t<\/div><!-- .gllr_image_block -->\n\t\t\t\t\t\t\t\t\t\t\t\t\t\t\t\t\t\t\t\t\t<div class=\"gllr_image_block\">\n\t\t\t\t\t\t\t\t\t\t\t\t<p style=\"width:170px;height:170px;\">\n\t\t\t\t\t\t\t\t\t\t\t\t\t\t\t\t\t\t\t\t\t\t\t\t\t\t\t\t<a data-fancybox=\"gallery_fancybox_3523\" href=\"\/app\/uploads\/2021\/11\/Eskolartekoak-2013-02-24-Igoingo-Lepoa-1024x768.jpg\" title=\"\" >\n\t\t\t\t\t\t\t\t\t\t\t\t\t\t\t\t<img width=\"150\"height=\"150\" style=\"width:150px;height:150px;border-width: 10px; border-color:#F1F1F1;border: 10px solid #F1F1F1\" alt=\"\" title=\"\" src=\"\/app\/uploads\/2021\/11\/Eskolartekoak-2013-02-24-Igoingo-Lepoa-150x150.jpg\" rel=\"\/app\/uploads\/2021\/11\/Eskolartekoak-2013-02-24-Igoingo-Lepoa.jpg\" \/>\n\t\t\t\t\t\t\t\t\t\t\t\t\t\t\t<\/a>\n\t\t\t\t\t\t\t\t\t\t\t\t\t\t\t\t\t\t\t\t\t\t\t\t\t<\/p>\n\t\t\t\t\t\t\t\t\t\t\t\t\t\t\t\t\t\t\t\t\t\t\t<\/div><!-- .gllr_image_block -->\n\t\t\t\t\t\t\t\t\t\t\t\t\t\t\t\t\t\t\t\t\t<\/div><!-- .gllr_image_row -->\n\t\t\t\t\t\t\t\t\t\t\t\t\t\t\t\t\t\t\t\t\t<div class=\"gllr_image_row\">\n\t\t\t\t\t\t\t\t\t\t\t\t\t\t\t\t\t\t\t\t\t<div class=\"gllr_image_block\">\n\t\t\t\t\t\t\t\t\t\t\t\t<p style=\"width:170px;height:170px;\">\n\t\t\t\t\t\t\t\t\t\t\t\t\t\t\t\t\t\t\t\t\t\t\t\t\t\t\t\t<a data-fancybox=\"gallery_fancybox_3523\" href=\"\/app\/uploads\/2021\/11\/Eskolartekoak-2018-3-25-ARAOTZ-AITZULOKO-BEGIA-ARAOTZ-016-1024x768.jpg\" title=\"\" >\n\t\t\t\t\t\t\t\t\t\t\t\t\t\t\t\t<img width=\"150\"height=\"150\" style=\"width:150px;height:150px;border-width: 10px; border-color:#F1F1F1;border: 10px solid #F1F1F1\" alt=\"\" title=\"\" src=\"\/app\/uploads\/2021\/11\/Eskolartekoak-2018-3-25-ARAOTZ-AITZULOKO-BEGIA-ARAOTZ-016-150x150.jpg\" rel=\"\/app\/uploads\/2021\/11\/Eskolartekoak-2018-3-25-ARAOTZ-AITZULOKO-BEGIA-ARAOTZ-016.jpg\" \/>\n\t\t\t\t\t\t\t\t\t\t\t\t\t\t\t<\/a>\n\t\t\t\t\t\t\t\t\t\t\t\t\t\t\t\t\t\t\t\t\t\t\t\t\t<\/p>\n\t\t\t\t\t\t\t\t\t\t\t\t\t\t\t\t\t\t\t\t\t\t\t<\/div><!-- .gllr_image_block -->\n\t\t\t\t\t\t\t\t\t\t\t\t\t\t\t\t\t\t\t\t\t<div class=\"clear\"><\/div>\n\t\t\t\t\t\t\t\t\t\t<\/div><!-- .gllr_image_row -->\n\t\t\t\t\t\t\t\t\t\t\t\t\t\t\t\t\t<\/div><!-- .gallery.clearfix -->\n\t\t\t\t\t\t\t\t\t\t\t\t\t<\/div><!-- .gallery_box_single -->\n\t\t\t\t\t\t<div class=\"gllr_clear\"><\/div>\n\t\t\t\t\t\n<\/div>\n\n\n\n<div class=\"wp-block-column\" style=\"flex-basis:5%\"><\/div>\n\n\n\n<div class=\"wp-block-column\" style=\"flex-basis:25%\">\n<div id=\"secondary\" style=\"width:max-content;float:none\">\n<aside class=\"widget widget_categories clearfix\">\n        <h4 class=\"widget-title\"><span>Escolares<\/span><\/h4>\n        <ul>\n            <li class=\"cat-item\"><a href=\"https:\/\/urdaburu.eus\/es\/escolares\/\">Introducci\u00f3n<\/a>\n            <\/li>\n            <li class=\"cat-item\"><a href=\"https:\/\/urdaburu.eus\/es\/escolares-comienzos\/\">Historia<\/a>\n            <\/li>\n        <\/ul>\n    <\/aside>\n    <aside class=\"widget widget_categories clearfix\">\n        <h4 class=\"widget-title\"><span>Orereta Ikastola<\/span><\/h4>\n        <ul>\n            <li class=\"cat-item\"><a href=\"https:\/\/urdaburu.eus\/es\/?page_id=3350\">Colaboraci\u00f3n<\/a>\n            <\/li>\n <li class=\"cat-item\"><a href=\"https:\/\/urdaburu.eus\/es\/escolares-normas\/\">Normas<\/a>\n            <\/li>\n            <li class=\"cat-item\"><a href=\"https:\/\/urdaburu.eus\/es\/escolares-calendario-2024-25\/\">Calendario<\/a>\n            <\/li>\n<li class=\"cat-item\"><a href=\"https:\/\/www.flickr.com\/photos\/195341817@N02\/collections\/72157721050614642\/\" target=\"_blank\" rel=\"noopener\">Fotograf\u00edas<\/a>\n            <\/li>\n            <li class=\"cat-item\"><a href=\"https:\/\/urdaburu.eus\/es\/eskolartekoak-monitors-2\/\">Monitores\/as<\/a>\n            <\/li>\n        <\/ul>\n    <\/aside>\n<\/div>\n<\/div>\n<\/div>\n\n\n\n<p><\/p>\n","protected":false},"excerpt":{"rendered":"<p>Urdaburu Mendizale Elkartea participa en la actividad &#8216;Concurso de monta\u00f1a&#8217; que forma parte del programa &#8216;Eskola Mendi&#8216; que ofrece la Federaci\u00f3n Gipuzkoana de Monta\u00f1a, como<\/p>\n","protected":false},"author":2,"featured_media":3508,"parent":0,"menu_order":0,"comment_status":"closed","ping_status":"closed","template":"page-templates\/template-services.php","meta":[],"yoast_head":"<!-- This site is optimized with the Yoast SEO plugin v19.1 - https:\/\/yoast.com\/wordpress\/plugins\/seo\/ -->\n<title>Escolares - Urdaburu<\/title>\n<meta name=\"robots\" content=\"index, follow, max-snippet:-1, max-image-preview:large, max-video-preview:-1\" \/>\n<link rel=\"canonical\" href=\"https:\/\/urdaburu.eus\/es\/escolares\/\" \/>\n<meta property=\"og:locale\" content=\"es_ES\" \/>\n<meta property=\"og:type\" content=\"article\" \/>\n<meta property=\"og:title\" content=\"Escolares - Urdaburu\" \/>\n<meta property=\"og:description\" content=\"Urdaburu Mendizale Elkartea participa en la actividad &#8216;Concurso de monta\u00f1a&#8217; que forma parte del programa &#8216;Eskola Mendi&#8216; que ofrece la Federaci\u00f3n Gipuzkoana de Monta\u00f1a, como\" \/>\n<meta property=\"og:url\" content=\"https:\/\/urdaburu.eus\/es\/escolares\/\" \/>\n<meta property=\"og:site_name\" content=\"Urdaburu\" \/>\n<meta property=\"article:modified_time\" content=\"2024-10-22T21:38:33+00:00\" \/>\n<meta property=\"og:image\" content=\"https:\/\/urdaburu.eus\/app\/uploads\/2021\/11\/AtalakEskolartekoak.jpg\" \/>\n\t<meta property=\"og:image:width\" content=\"1920\" \/>\n\t<meta property=\"og:image:height\" content=\"1280\" \/>\n\t<meta property=\"og:image:type\" content=\"image\/jpeg\" \/>\n<meta name=\"twitter:card\" content=\"summary_large_image\" \/>\n<meta name=\"twitter:label1\" content=\"Est. reading time\" \/>\n\t<meta name=\"twitter:data1\" content=\"2 minutos\" \/>\n<script type=\"application\/ld+json\" class=\"yoast-schema-graph\">{\"@context\":\"https:\/\/schema.org\",\"@graph\":[{\"@type\":\"WebSite\",\"@id\":\"https:\/\/urdaburu.eus\/#website\",\"url\":\"https:\/\/urdaburu.eus\/\",\"name\":\"Urdaburu\",\"description\":\"Grupo de Monta\u00f1a \",\"potentialAction\":[{\"@type\":\"SearchAction\",\"target\":{\"@type\":\"EntryPoint\",\"urlTemplate\":\"https:\/\/urdaburu.eus\/?s={search_term_string}\"},\"query-input\":\"required name=search_term_string\"}],\"inLanguage\":\"es\"},{\"@type\":\"ImageObject\",\"inLanguage\":\"es\",\"@id\":\"https:\/\/urdaburu.eus\/es\/escolares\/#primaryimage\",\"url\":\"\/app\/uploads\/2021\/11\/AtalakEskolartekoak.jpg\",\"contentUrl\":\"\/app\/uploads\/2021\/11\/AtalakEskolartekoak.jpg\",\"width\":1920,\"height\":1280},{\"@type\":\"WebPage\",\"@id\":\"https:\/\/urdaburu.eus\/es\/escolares\/#webpage\",\"url\":\"https:\/\/urdaburu.eus\/es\/escolares\/\",\"name\":\"Escolares - Urdaburu\",\"isPartOf\":{\"@id\":\"https:\/\/urdaburu.eus\/#website\"},\"primaryImageOfPage\":{\"@id\":\"https:\/\/urdaburu.eus\/es\/escolares\/#primaryimage\"},\"datePublished\":\"2018-12-28T00:24:49+00:00\",\"dateModified\":\"2024-10-22T21:38:33+00:00\",\"breadcrumb\":{\"@id\":\"https:\/\/urdaburu.eus\/es\/escolares\/#breadcrumb\"},\"inLanguage\":\"es\",\"potentialAction\":[{\"@type\":\"ReadAction\",\"target\":[\"https:\/\/urdaburu.eus\/es\/escolares\/\"]}]},{\"@type\":\"BreadcrumbList\",\"@id\":\"https:\/\/urdaburu.eus\/es\/escolares\/#breadcrumb\",\"itemListElement\":[{\"@type\":\"ListItem\",\"position\":1,\"name\":\"Home\",\"item\":\"https:\/\/urdaburu.eus\/es\/\"},{\"@type\":\"ListItem\",\"position\":2,\"name\":\"Escolares\"}]}]}<\/script>\n<!-- \/ Yoast SEO plugin. -->","yoast_head_json":{"title":"Escolares - Urdaburu","robots":{"index":"index","follow":"follow","max-snippet":"max-snippet:-1","max-image-preview":"max-image-preview:large","max-video-preview":"max-video-preview:-1"},"canonical":"https:\/\/urdaburu.eus\/es\/escolares\/","og_locale":"es_ES","og_type":"article","og_title":"Escolares - Urdaburu","og_description":"Urdaburu Mendizale Elkartea participa en la actividad &#8216;Concurso de monta\u00f1a&#8217; que forma parte del programa &#8216;Eskola Mendi&#8216; que ofrece la Federaci\u00f3n Gipuzkoana de Monta\u00f1a, como","og_url":"https:\/\/urdaburu.eus\/es\/escolares\/","og_site_name":"Urdaburu","article_modified_time":"2024-10-22T21:38:33+00:00","og_image":[{"width":1920,"height":1280,"url":"https:\/\/urdaburu.eus\/app\/uploads\/2021\/11\/AtalakEskolartekoak.jpg","type":"image\/jpeg"}],"twitter_card":"summary_large_image","twitter_misc":{"Est. reading time":"2 minutos"},"schema":{"@context":"https:\/\/schema.org","@graph":[{"@type":"WebSite","@id":"https:\/\/urdaburu.eus\/#website","url":"https:\/\/urdaburu.eus\/","name":"Urdaburu","description":"Grupo de Monta\u00f1a ","potentialAction":[{"@type":"SearchAction","target":{"@type":"EntryPoint","urlTemplate":"https:\/\/urdaburu.eus\/?s={search_term_string}"},"query-input":"required name=search_term_string"}],"inLanguage":"es"},{"@type":"ImageObject","inLanguage":"es","@id":"https:\/\/urdaburu.eus\/es\/escolares\/#primaryimage","url":"\/app\/uploads\/2021\/11\/AtalakEskolartekoak.jpg","contentUrl":"\/app\/uploads\/2021\/11\/AtalakEskolartekoak.jpg","width":1920,"height":1280},{"@type":"WebPage","@id":"https:\/\/urdaburu.eus\/es\/escolares\/#webpage","url":"https:\/\/urdaburu.eus\/es\/escolares\/","name":"Escolares - Urdaburu","isPartOf":{"@id":"https:\/\/urdaburu.eus\/#website"},"primaryImageOfPage":{"@id":"https:\/\/urdaburu.eus\/es\/escolares\/#primaryimage"},"datePublished":"2018-12-28T00:24:49+00:00","dateModified":"2024-10-22T21:38:33+00:00","breadcrumb":{"@id":"https:\/\/urdaburu.eus\/es\/escolares\/#breadcrumb"},"inLanguage":"es","potentialAction":[{"@type":"ReadAction","target":["https:\/\/urdaburu.eus\/es\/escolares\/"]}]},{"@type":"BreadcrumbList","@id":"https:\/\/urdaburu.eus\/es\/escolares\/#breadcrumb","itemListElement":[{"@type":"ListItem","position":1,"name":"Home","item":"https:\/\/urdaburu.eus\/es\/"},{"@type":"ListItem","position":2,"name":"Escolares"}]}]}},"_links":{"self":[{"href":"https:\/\/urdaburu.eus\/es\/wp-json\/wp\/v2\/pages\/551"}],"collection":[{"href":"https:\/\/urdaburu.eus\/es\/wp-json\/wp\/v2\/pages"}],"about":[{"href":"https:\/\/urdaburu.eus\/es\/wp-json\/wp\/v2\/types\/page"}],"author":[{"embeddable":true,"href":"https:\/\/urdaburu.eus\/es\/wp-json\/wp\/v2\/users\/2"}],"replies":[{"embeddable":true,"href":"https:\/\/urdaburu.eus\/es\/wp-json\/wp\/v2\/comments?post=551"}],"version-history":[{"count":41,"href":"https:\/\/urdaburu.eus\/es\/wp-json\/wp\/v2\/pages\/551\/revisions"}],"predecessor-version":[{"id":6739,"href":"https:\/\/urdaburu.eus\/es\/wp-json\/wp\/v2\/pages\/551\/revisions\/6739"}],"wp:featuredmedia":[{"embeddable":true,"href":"https:\/\/urdaburu.eus\/es\/wp-json\/wp\/v2\/media\/3508"}],"wp:attachment":[{"href":"https:\/\/urdaburu.eus\/es\/wp-json\/wp\/v2\/media?parent=551"}],"curies":[{"name":"wp","href":"https:\/\/api.w.org\/{rel}","templated":true}]}}