{"id":557,"date":"2018-12-28T01:27:38","date_gmt":"2018-12-28T00:27:38","guid":{"rendered":"http:\/\/urdaburu.eus\/?page_id=557"},"modified":"2023-04-03T14:59:04","modified_gmt":"2023-04-03T13:59:04","slug":"escalada","status":"publish","type":"page","link":"https:\/\/urdaburu.eus\/es\/escalada\/","title":{"rendered":"Escalada"},"content":{"rendered":"<div class=\"Edukia\">\n<h3>Inicio de actividades de escalada<\/h3>\n<p>Sin duda alguna el primer escalador del G.M.U. fue Pedro Landache. (Perico), (q.e.p.d.), que el 13 de agosto de 1944 escal\u00f3 por la v\u00eda \u00abdirect\u00edsima sur\u00bb el legendario Naranjo de Bulnes acompa\u00f1ado por el famoso Alfonso Mart\u00ednez \u00abJefe de Gu\u00edas Oficiales Y Guarda del Coto Nacional de Picos de Europa\u00bb como pomposamente hace constar en la tarjeta-certificado que le hizo de aquella ascensi\u00f3n.<\/p>\n<p>Pasan los a\u00f1os y a principios de 1950, renacen en el G.M.U. las inquietudes sobre la escalada. Los hermanos Hospitaler, Josetxo Gaztelumendi, Jos\u00e9 Luis Mart\u00ednez (q.e.p.d.) y Jos\u00e9 Franch\u00e9s formaban el que jocosamente auto denominaban \u00abGrupo J\u00bb.<\/p>\n<p>Eran en aquel tiempo nuestros \u00abgurus\u00bb: Emilio Comici, Ernesto Mallafr\u00e9, Agust\u00edn Faus, etc., y m\u00e1s cercano Juanito San Mart\u00edn (q.e.p.d.) el que luego ser\u00eda acad\u00e9mico de Euskaltzaindia y Ararteko del Gobierno Vasco.<\/p>\n<p>Nuestro material: Una cuerda de c\u00e1\u00f1amo de 12mm y 20mts de largo regalada por el socio Jean Pierre Carasa (q.e.p.d.), bagas hechas con cordino de 10mm, tambi\u00e9n de c\u00e1\u00f1amo, clavijas fabricadas artesanalmente por nosotros y algunos mosquetones de procedencia indefinida.<\/p>\n<p>Nuestros balbuceos escalatorios: Trepadas en Pe\u00f1as de Arkale, Santa B\u00e1rbara, Rocas de Gasterroitx, Erroiarri, etc. etc&#8230; En pirineos Pared del Cilindro, Torre de Goriz, y as\u00ed nuestro mayor logro lleg\u00f3 el 22 de julio de 1.955, la v\u00eda sur del Naranjo de Bulnes.<\/p>\n<p>Luego:&#8230;&#8230;&#8230;..! Llegaron los Etxeveste, Roma, Txema Mujika, Garc\u00e9s, Olaciregi, etc. etc.. Ellos nos cogieron el relevo y ellos s\u00ed verdaderamente empezaron a hacer ESCALADA., aunque como todos sus primeros pasos los hicieron en Santa B\u00e1rbara, Etxauri etc.<\/p>\n<p>Era a principio de los a\u00f1os 60, los equipos (pantal\u00f3n de pana o de mah\u00f3n, caminas de felpa etc.), segu\u00edan siendo muy simples, eso s\u00ed algo mejores que el de sus antecesores, aun as\u00ed pudieron hacer cosas muy importantes como por ejemplo: en el a\u00f1o 1.963, Manolo D\u00edaz y Alberto Lizaso abrieron una v\u00eda en Los Desplomes (La Remacuada) y en el a\u00f1o 1.965, Tambi\u00e9n Manolo D\u00edaz y Alberto C\u00e1ceres, 1\u00aa repetici\u00f3n de la Hermana Menor (v\u00eda de La Virgen), en Irurzun.<\/p>\n<p>Ya por los a\u00f1os 70 los equipos fueros mejorando considerablemente, se empezaron a utilizar las famosas botas \u00abCletas\u00bb, mosquetones de duraluminio, clavijas, cuerdas, estribos y algunos clavos que Manolo D\u00edaz hacia en el taller.<\/p>\n<p>Sus logros de aquellos a\u00f1os fueron los siguientes:<\/p>\n<ul>\n<li>En el 70, el Tozal de Mayo (v\u00eda Ravier), Manolo D\u00edaz,Txeama Mujika y Pepe Roma.<\/li>\n<li>En 1.971, invernal al Anayet, Manolo D\u00edaz, Txema Mujika y Go\u00f1i. El mismo a\u00f1o invernal de la arista de Los Murci\u00e9lagos (Aspe), Txema, Pepe y Go\u00f1i.<\/li>\n<li>En 1973, Ansabere (El Espigolo). Eran tiempos en los que la \u00absoci\u00bb trajo a Renteria al escalador italiano Cesare Maestri, vencedor por 1\u00aa vez del Cerro Torre (Patagonia).<\/li>\n<li>En 1.974, El Gallinero en Ordesa y la cara O. Del Naranjo de Bulnes.<\/li>\n<\/ul>\n<p>(Por aquella \u00e9poca la F.E.M. nombra Director de la Escuela Nacional de Alta Monta\u00f1a (E.N.A.M.) a Manolo D\u00edaz, al que le acompa\u00f1an, Joseba Olaciregi como secretario y Pepe Roma, Martxel Toledo, Ricardo Monroy y Txema Mujika como monitores. El G.M.U. era el club de monta\u00f1a con m\u00e1s monitores en Guip\u00fazcoa.)<\/p>\n<ul>\n<li>En 1.976, traves\u00eda de la arista del Bionnaisay y Los Mont Blanc (los tres Mont Blancs) y Espol\u00f3n de los Franceses (Pe\u00f1a Vieja).<\/li>\n<li>En 1.977, La Navarro-Rabad\u00e1 al Gallinero (Ordesa y Pilar S. Al Gran Pic D?Ossau.<\/li>\n<li>En 1.978, traves\u00eda del Pico del Alba al Pico Russel (3 d\u00edas), cara N. del Pig Long, invernal al espol\u00f3n del Tozal de Mayo y El Toubkal (Atlas)<\/li>\n<li>En 1.985, integral a la N. del Gran Pic D?Ossau.<\/li>\n<\/ul>\n<p>Son muchos m\u00e1s pero quiz\u00e1s estos son los mas representativos.<\/p>\n<p>Llegan los a\u00f1os 80 y toman el relevo otra generaci\u00f3n, en concreto un cuarteto muy activo y con muchas actividades destacables. Mencionamos las mas importantes realizadas desde esos a\u00f1os hasta el d\u00eda de hoy, que aunque con menos intensidad se mantienen activos (el historial que mencionamos es de Juan y Patxi Lasarte, Luzio Egiguren y Txingu Arrieta, que aunque no todos han participado en todas las ascensiones, s\u00ed han hecho muchas juntas y que as\u00ed perdure):<\/p>\n<p><strong>Alpes:<\/strong><\/p>\n<ul>\n<li>Pilar Bonati (Drus)<\/li>\n<li>Espol\u00f3n Walker<\/li>\n<li>Norte del Cervino<\/li>\n<li>Via Casin al Piz Badile<\/li>\n<li>Integral del Peuterey (4 d\u00edas)<\/li>\n<li>Chamonix-Zermat, en esquis<\/li>\n<\/ul>\n<p><strong>Pirineos:<\/strong><\/p>\n<ul>\n<li>Espol\u00f3n N. Petit Pic, Midi (invernal, 3 d\u00edas)<\/li>\n<li>Espol\u00f3n N. Punta Francia, Midi (invernal, 3 d\u00edas)<\/li>\n<li>Pilar Embarradere, Midi<\/li>\n<li>Sorgin Txulo, Ansabere<\/li>\n<li>Espigolo, Ansabere<\/li>\n<li>Encadenamiento de los tres picos de Gavarnie, subiendo por la N. de la Torre<\/li>\n<li>Espol\u00f3n Bellef\u00f3n, N. del Vignemale<\/li>\n<li>Espol\u00f3n Espelunga-Zuriza (apertura de v\u00eda)<\/li>\n<li>Salenques, Tempestades, invernal<\/li>\n<li>Transpirenaica en esqu\u00eds (35 d\u00edas)<\/li>\n<li>Adem\u00e1s numerosas vias repartidas por Ordesa, Midi, Vignemale, Dent D?Ortu, Balaitous, Pe\u00f1aforca, Tromouse, etc.<\/li>\n<\/ul>\n<p><strong>Peninsula:<\/strong><\/p>\n<ul>\n<li>Vias en Picos de Europa, Naranjo, Roca Regina, Mont Resci, Montserrat, Pe\u00f1a Ifach, Paroch, Galayos, Tozal de Levante, Galicia, etc.<\/li>\n<\/ul>\n<p><strong>Himalaya:<\/strong><\/p>\n<ul>\n<li>Bhagirati, Pumori, K2 (intento), Anapurna (intento, a 100mts de lacumbre), Manaslu (intento)<\/li>\n<\/ul>\n<p><strong>Patagonia:<\/strong><\/p>\n<ul>\n<li>Fiz Roy (intento), Torre N. de las Torres del Paine<\/li>\n<\/ul>\n<p><strong>Andes:<\/strong><\/p>\n<ul>\n<li>Huandoi, Huanchan, Alpamayo, Quitarraju, Artesonraju, Ranrapalca<\/li>\n<\/ul>\n<p><strong>Yosemite:<\/strong><\/p>\n<ul>\n<li>Varias v\u00edas<\/li>\n<\/ul>\n<\/div>\n","protected":false},"excerpt":{"rendered":"<p>Inicio de actividades de escalada Sin duda alguna el primer escalador del G.M.U. fue Pedro Landache. (Perico), (q.e.p.d.), que el 13 de agosto de 1944<\/p>\n","protected":false},"author":2,"featured_media":254,"parent":0,"menu_order":0,"comment_status":"closed","ping_status":"closed","template":"page-templates\/template-services.php","meta":[],"yoast_head":"<!-- This site is optimized with the Yoast SEO plugin v19.1 - https:\/\/yoast.com\/wordpress\/plugins\/seo\/ -->\n<title>Escalada - Urdaburu<\/title>\n<meta name=\"robots\" content=\"index, follow, max-snippet:-1, max-image-preview:large, max-video-preview:-1\" \/>\n<link rel=\"canonical\" href=\"https:\/\/urdaburu.eus\/es\/escalada\/\" \/>\n<meta property=\"og:locale\" content=\"es_ES\" \/>\n<meta property=\"og:type\" content=\"article\" \/>\n<meta property=\"og:title\" content=\"Escalada - Urdaburu\" \/>\n<meta property=\"og:description\" content=\"Inicio de actividades de escalada Sin duda alguna el primer escalador del G.M.U. fue Pedro Landache. (Perico), (q.e.p.d.), que el 13 de agosto de 1944\" \/>\n<meta property=\"og:url\" content=\"https:\/\/urdaburu.eus\/es\/escalada\/\" \/>\n<meta property=\"og:site_name\" content=\"Urdaburu\" \/>\n<meta property=\"article:modified_time\" content=\"2023-04-03T13:59:04+00:00\" \/>\n<meta property=\"og:image\" content=\"https:\/\/urdaburu.eus\/app\/uploads\/2017\/11\/eskalada.jpg\" \/>\n\t<meta property=\"og:image:width\" content=\"1000\" \/>\n\t<meta property=\"og:image:height\" content=\"667\" \/>\n\t<meta property=\"og:image:type\" content=\"image\/jpeg\" \/>\n<meta name=\"twitter:card\" content=\"summary_large_image\" \/>\n<meta name=\"twitter:label1\" content=\"Est. reading time\" \/>\n\t<meta name=\"twitter:data1\" content=\"5 minutos\" \/>\n<script type=\"application\/ld+json\" class=\"yoast-schema-graph\">{\"@context\":\"https:\/\/schema.org\",\"@graph\":[{\"@type\":\"WebSite\",\"@id\":\"https:\/\/urdaburu.eus\/#website\",\"url\":\"https:\/\/urdaburu.eus\/\",\"name\":\"Urdaburu\",\"description\":\"Grupo de Monta\u00f1a \",\"potentialAction\":[{\"@type\":\"SearchAction\",\"target\":{\"@type\":\"EntryPoint\",\"urlTemplate\":\"https:\/\/urdaburu.eus\/?s={search_term_string}\"},\"query-input\":\"required name=search_term_string\"}],\"inLanguage\":\"es\"},{\"@type\":\"ImageObject\",\"inLanguage\":\"es\",\"@id\":\"https:\/\/urdaburu.eus\/es\/escalada\/#primaryimage\",\"url\":\"\/app\/uploads\/2017\/11\/eskalada.jpg\",\"contentUrl\":\"\/app\/uploads\/2017\/11\/eskalada.jpg\",\"width\":1000,\"height\":667},{\"@type\":\"WebPage\",\"@id\":\"https:\/\/urdaburu.eus\/es\/escalada\/#webpage\",\"url\":\"https:\/\/urdaburu.eus\/es\/escalada\/\",\"name\":\"Escalada - Urdaburu\",\"isPartOf\":{\"@id\":\"https:\/\/urdaburu.eus\/#website\"},\"primaryImageOfPage\":{\"@id\":\"https:\/\/urdaburu.eus\/es\/escalada\/#primaryimage\"},\"datePublished\":\"2018-12-28T00:27:38+00:00\",\"dateModified\":\"2023-04-03T13:59:04+00:00\",\"breadcrumb\":{\"@id\":\"https:\/\/urdaburu.eus\/es\/escalada\/#breadcrumb\"},\"inLanguage\":\"es\",\"potentialAction\":[{\"@type\":\"ReadAction\",\"target\":[\"https:\/\/urdaburu.eus\/es\/escalada\/\"]}]},{\"@type\":\"BreadcrumbList\",\"@id\":\"https:\/\/urdaburu.eus\/es\/escalada\/#breadcrumb\",\"itemListElement\":[{\"@type\":\"ListItem\",\"position\":1,\"name\":\"Home\",\"item\":\"https:\/\/urdaburu.eus\/es\/\"},{\"@type\":\"ListItem\",\"position\":2,\"name\":\"Escalada\"}]}]}<\/script>\n<!-- \/ Yoast SEO plugin. -->","yoast_head_json":{"title":"Escalada - Urdaburu","robots":{"index":"index","follow":"follow","max-snippet":"max-snippet:-1","max-image-preview":"max-image-preview:large","max-video-preview":"max-video-preview:-1"},"canonical":"https:\/\/urdaburu.eus\/es\/escalada\/","og_locale":"es_ES","og_type":"article","og_title":"Escalada - Urdaburu","og_description":"Inicio de actividades de escalada Sin duda alguna el primer escalador del G.M.U. fue Pedro Landache. (Perico), (q.e.p.d.), que el 13 de agosto de 1944","og_url":"https:\/\/urdaburu.eus\/es\/escalada\/","og_site_name":"Urdaburu","article_modified_time":"2023-04-03T13:59:04+00:00","og_image":[{"width":1000,"height":667,"url":"https:\/\/urdaburu.eus\/app\/uploads\/2017\/11\/eskalada.jpg","type":"image\/jpeg"}],"twitter_card":"summary_large_image","twitter_misc":{"Est. reading time":"5 minutos"},"schema":{"@context":"https:\/\/schema.org","@graph":[{"@type":"WebSite","@id":"https:\/\/urdaburu.eus\/#website","url":"https:\/\/urdaburu.eus\/","name":"Urdaburu","description":"Grupo de Monta\u00f1a ","potentialAction":[{"@type":"SearchAction","target":{"@type":"EntryPoint","urlTemplate":"https:\/\/urdaburu.eus\/?s={search_term_string}"},"query-input":"required name=search_term_string"}],"inLanguage":"es"},{"@type":"ImageObject","inLanguage":"es","@id":"https:\/\/urdaburu.eus\/es\/escalada\/#primaryimage","url":"\/app\/uploads\/2017\/11\/eskalada.jpg","contentUrl":"\/app\/uploads\/2017\/11\/eskalada.jpg","width":1000,"height":667},{"@type":"WebPage","@id":"https:\/\/urdaburu.eus\/es\/escalada\/#webpage","url":"https:\/\/urdaburu.eus\/es\/escalada\/","name":"Escalada - Urdaburu","isPartOf":{"@id":"https:\/\/urdaburu.eus\/#website"},"primaryImageOfPage":{"@id":"https:\/\/urdaburu.eus\/es\/escalada\/#primaryimage"},"datePublished":"2018-12-28T00:27:38+00:00","dateModified":"2023-04-03T13:59:04+00:00","breadcrumb":{"@id":"https:\/\/urdaburu.eus\/es\/escalada\/#breadcrumb"},"inLanguage":"es","potentialAction":[{"@type":"ReadAction","target":["https:\/\/urdaburu.eus\/es\/escalada\/"]}]},{"@type":"BreadcrumbList","@id":"https:\/\/urdaburu.eus\/es\/escalada\/#breadcrumb","itemListElement":[{"@type":"ListItem","position":1,"name":"Home","item":"https:\/\/urdaburu.eus\/es\/"},{"@type":"ListItem","position":2,"name":"Escalada"}]}]}},"_links":{"self":[{"href":"https:\/\/urdaburu.eus\/es\/wp-json\/wp\/v2\/pages\/557"}],"collection":[{"href":"https:\/\/urdaburu.eus\/es\/wp-json\/wp\/v2\/pages"}],"about":[{"href":"https:\/\/urdaburu.eus\/es\/wp-json\/wp\/v2\/types\/page"}],"author":[{"embeddable":true,"href":"https:\/\/urdaburu.eus\/es\/wp-json\/wp\/v2\/users\/2"}],"replies":[{"embeddable":true,"href":"https:\/\/urdaburu.eus\/es\/wp-json\/wp\/v2\/comments?post=557"}],"version-history":[{"count":3,"href":"https:\/\/urdaburu.eus\/es\/wp-json\/wp\/v2\/pages\/557\/revisions"}],"predecessor-version":[{"id":5064,"href":"https:\/\/urdaburu.eus\/es\/wp-json\/wp\/v2\/pages\/557\/revisions\/5064"}],"wp:featuredmedia":[{"embeddable":true,"href":"https:\/\/urdaburu.eus\/es\/wp-json\/wp\/v2\/media\/254"}],"wp:attachment":[{"href":"https:\/\/urdaburu.eus\/es\/wp-json\/wp\/v2\/media?parent=557"}],"curies":[{"name":"wp","href":"https:\/\/api.w.org\/{rel}","templated":true}]}}