{"id":4835,"date":"2023-02-03T22:34:16","date_gmt":"2023-02-03T21:34:16","guid":{"rendered":"https:\/\/urdaburu.eus\/event\/aslida-abau\/"},"modified":"2023-09-19T20:00:41","modified_gmt":"2023-09-19T19:00:41","slug":"aslida-abau","status":"publish","type":"tribe_events","link":"https:\/\/urdaburu.eus\/es\/event\/aslida-abau\/","title":{"rendered":"Salida a Abau (Suspendida)"},"content":{"rendered":"<p><img loading=\"lazy\" src=\"https:\/\/onedrive.live.com\/embed?resid=C7432AF8BBF5BF78%212991&amp;authkey=%21AJ9n8lNcGj3XiMI&amp;width=800&amp;height=247\" width=\"800\" height=\"247\" \/><\/p>\n<p><img loading=\"lazy\" src=\"https:\/\/onedrive.live.com\/embed?resid=C7432AF8BBF5BF78%212992&amp;authkey=%21AFWdbpmAVDPuWLo&amp;width=800&amp;height=250\" width=\"800\" height=\"250\" \/><br \/>\n<b>RECORRIDO:<\/b><br \/>\nSABADO 23: Matamachos-Kalbeira (1686)-Idoia (1754)-Abau [14 km ; 900 m ; 5h30]<br \/>\nDOMINGO 24: Juan Pito-Arrakagoiti-Kartxela (1982)-Anhauko Kurutze-vuelta a Holtzarte-Logibar [22 km ; 1050 m ; 7h30]<\/p>\n<p><b>AUTOBUS: <\/b>El s\u00e1bado a las 7:00 en Errenteria (parada de ALAMEDA) y a las 7:05 en Lintzirin<br \/>\n<b>PERNOCTA y QU\u00c9 LLEVAR:<\/b><br \/>\nEl autob\u00fas nos recoge tras las excursiones y basta con la mochila de un d\u00eda. Dormiremos en nuestro refugio de Abau. Hay que llevar saco-s\u00e1bana o saco ligero. Tambi\u00e9n toda la comida de ambos d\u00edas.<br \/>\n<b>APUNTARSE: <\/b>Como de costumbre. Martes y jueves de 19:00 a 21:00, en nuestro local o llamando al tel\u00e9fono 943-527879.<br \/>\nO rellenando este formulario web:<br \/>\n<b>PRECIO: <\/b>45\u20ac socios y 50\u20ac no socios, autob\u00fas y refugio. Plazas limitadas. Si tienes plaza (recibir\u00e1s un correo de confirmaci\u00f3n) tendr\u00e1s que realizar un ingreso de 45\u20ac o 50\u20ac en la cuenta corriente de sociedad para que la reserva quede confirmada.<\/p>\n<p><b>DESCARGA DE ARCHIVOS<\/b><br \/>\nEn la siguiente carpeta p\u00fablica: <a href=\"https:\/\/onedrive.live.com\/?authkey=%21APPKaAHYjoD4CHw&amp;id=C7432AF8BBF5BF78%212987&amp;cid=C7432AF8BBF5BF78\" target=\"_blank\" rel=\"noopener\"> https:\/\/onedrive.live.com\/?authkey=%21APPKaAHYjoD4CHw&amp;id=C7432AF8BBF5BF78%212987&amp;cid=C7432AF8BBF5BF78<\/a><\/p>\n<p><b>GOOGLE MAPS:<\/b><br \/>\n<iframe loading=\"lazy\" src=\"https:\/\/www.google.com\/maps\/d\/embed?mid=1dQt5H0I0IkM6N6AfM90kK48ZCFZX85k&amp;ehbc=2E312F\" width=\"800\" height=\"600\" data-mce-fragment=\"1\"><\/iframe><\/p>\n","protected":false},"excerpt":{"rendered":"<p>RECORRIDO: SABADO 23: Matamachos-Kalbeira (1686)-Idoia (1754)-Abau [14 km ; 900 m ; 5h30] DOMINGO 24: Juan Pito-Arrakagoiti-Kartxela (1982)-Anhauko Kurutze-vuelta a Holtzarte-Logibar [22 km ; 1050<\/p>\n","protected":false},"author":4,"featured_media":0,"comment_status":"closed","ping_status":"closed","template":"","meta":[],"tags":[],"tribe_events_cat":[39],"yoast_head":"<!-- This site is optimized with the Yoast SEO plugin v19.1 - https:\/\/yoast.com\/wordpress\/plugins\/seo\/ -->\n<title>Salida a Abau (Suspendida) - Urdaburu<\/title>\n<meta name=\"robots\" content=\"index, follow, max-snippet:-1, max-image-preview:large, max-video-preview:-1\" \/>\n<link rel=\"canonical\" href=\"https:\/\/urdaburu.eus\/es\/event\/aslida-abau\/\" \/>\n<meta property=\"og:locale\" content=\"es_ES\" \/>\n<meta property=\"og:type\" content=\"article\" \/>\n<meta property=\"og:title\" content=\"Salida a Abau (Suspendida) - Urdaburu\" \/>\n<meta property=\"og:description\" content=\"RECORRIDO: SABADO 23: Matamachos-Kalbeira (1686)-Idoia (1754)-Abau [14 km ; 900 m ; 5h30] DOMINGO 24: Juan Pito-Arrakagoiti-Kartxela (1982)-Anhauko Kurutze-vuelta a Holtzarte-Logibar [22 km ; 1050\" \/>\n<meta property=\"og:url\" content=\"https:\/\/urdaburu.eus\/es\/event\/aslida-abau\/\" \/>\n<meta property=\"og:site_name\" content=\"Urdaburu\" \/>\n<meta property=\"article:modified_time\" content=\"2023-09-19T19:00:41+00:00\" \/>\n<meta property=\"og:image\" content=\"https:\/\/onedrive.live.com\/embed?resid=C7432AF8BBF5BF78%212991&#038;authkey=%21AJ9n8lNcGj3XiMI&#038;width=800&#038;height=247\" \/>\n<meta name=\"twitter:card\" content=\"summary_large_image\" \/>\n<meta name=\"twitter:label1\" content=\"Est. reading time\" \/>\n\t<meta name=\"twitter:data1\" content=\"2 minutos\" \/>\n<script type=\"application\/ld+json\" class=\"yoast-schema-graph\">{\"@context\":\"https:\/\/schema.org\",\"@graph\":[{\"@type\":\"WebSite\",\"@id\":\"https:\/\/urdaburu.eus\/#website\",\"url\":\"https:\/\/urdaburu.eus\/\",\"name\":\"Urdaburu\",\"description\":\"Grupo de Monta\u00f1a \",\"potentialAction\":[{\"@type\":\"SearchAction\",\"target\":{\"@type\":\"EntryPoint\",\"urlTemplate\":\"https:\/\/urdaburu.eus\/?s={search_term_string}\"},\"query-input\":\"required name=search_term_string\"}],\"inLanguage\":\"es\"},{\"@type\":\"ImageObject\",\"inLanguage\":\"es\",\"@id\":\"https:\/\/urdaburu.eus\/es\/event\/aslida-abau\/#primaryimage\",\"url\":\"https:\/\/onedrive.live.com\/embed?resid=C7432AF8BBF5BF78%212991&amp;authkey=%21AJ9n8lNcGj3XiMI&amp;width=800&amp;height=247\",\"contentUrl\":\"https:\/\/onedrive.live.com\/embed?resid=C7432AF8BBF5BF78%212991&amp;authkey=%21AJ9n8lNcGj3XiMI&amp;width=800&amp;height=247\"},{\"@type\":\"WebPage\",\"@id\":\"https:\/\/urdaburu.eus\/es\/event\/aslida-abau\/#webpage\",\"url\":\"https:\/\/urdaburu.eus\/es\/event\/aslida-abau\/\",\"name\":\"Salida a Abau (Suspendida) - Urdaburu\",\"isPartOf\":{\"@id\":\"https:\/\/urdaburu.eus\/#website\"},\"primaryImageOfPage\":{\"@id\":\"https:\/\/urdaburu.eus\/es\/event\/aslida-abau\/#primaryimage\"},\"datePublished\":\"2023-02-03T21:34:16+00:00\",\"dateModified\":\"2023-09-19T19:00:41+00:00\",\"breadcrumb\":{\"@id\":\"https:\/\/urdaburu.eus\/es\/event\/aslida-abau\/#breadcrumb\"},\"inLanguage\":\"es\",\"potentialAction\":[{\"@type\":\"ReadAction\",\"target\":[\"https:\/\/urdaburu.eus\/es\/event\/aslida-abau\/\"]}]},{\"@type\":\"BreadcrumbList\",\"@id\":\"https:\/\/urdaburu.eus\/es\/event\/aslida-abau\/#breadcrumb\",\"itemListElement\":[{\"@type\":\"ListItem\",\"position\":1,\"name\":\"Home\",\"item\":\"https:\/\/urdaburu.eus\/es\/\"},{\"@type\":\"ListItem\",\"position\":2,\"name\":\"Eventos\",\"item\":\"https:\/\/urdaburu.eus\/es\/eventos\/\"},{\"@type\":\"ListItem\",\"position\":3,\"name\":\"Salida a Abau (Suspendida)\"}]}]}<\/script>\n<!-- \/ Yoast SEO plugin. -->","yoast_head_json":{"title":"Salida a Abau (Suspendida) - Urdaburu","robots":{"index":"index","follow":"follow","max-snippet":"max-snippet:-1","max-image-preview":"max-image-preview:large","max-video-preview":"max-video-preview:-1"},"canonical":"https:\/\/urdaburu.eus\/es\/event\/aslida-abau\/","og_locale":"es_ES","og_type":"article","og_title":"Salida a Abau (Suspendida) - Urdaburu","og_description":"RECORRIDO: SABADO 23: Matamachos-Kalbeira (1686)-Idoia (1754)-Abau [14 km ; 900 m ; 5h30] DOMINGO 24: Juan Pito-Arrakagoiti-Kartxela (1982)-Anhauko Kurutze-vuelta a Holtzarte-Logibar [22 km ; 1050","og_url":"https:\/\/urdaburu.eus\/es\/event\/aslida-abau\/","og_site_name":"Urdaburu","article_modified_time":"2023-09-19T19:00:41+00:00","og_image":[{"url":"https:\/\/onedrive.live.com\/embed?resid=C7432AF8BBF5BF78%212991&amp;authkey=%21AJ9n8lNcGj3XiMI&amp;width=800&amp;height=247"}],"twitter_card":"summary_large_image","twitter_misc":{"Est. reading time":"2 minutos"},"schema":{"@context":"https:\/\/schema.org","@graph":[{"@type":"WebSite","@id":"https:\/\/urdaburu.eus\/#website","url":"https:\/\/urdaburu.eus\/","name":"Urdaburu","description":"Grupo de Monta\u00f1a ","potentialAction":[{"@type":"SearchAction","target":{"@type":"EntryPoint","urlTemplate":"https:\/\/urdaburu.eus\/?s={search_term_string}"},"query-input":"required name=search_term_string"}],"inLanguage":"es"},{"@type":"ImageObject","inLanguage":"es","@id":"https:\/\/urdaburu.eus\/es\/event\/aslida-abau\/#primaryimage","url":"https:\/\/onedrive.live.com\/embed?resid=C7432AF8BBF5BF78%212991&amp;authkey=%21AJ9n8lNcGj3XiMI&amp;width=800&amp;height=247","contentUrl":"https:\/\/onedrive.live.com\/embed?resid=C7432AF8BBF5BF78%212991&amp;authkey=%21AJ9n8lNcGj3XiMI&amp;width=800&amp;height=247"},{"@type":"WebPage","@id":"https:\/\/urdaburu.eus\/es\/event\/aslida-abau\/#webpage","url":"https:\/\/urdaburu.eus\/es\/event\/aslida-abau\/","name":"Salida a Abau (Suspendida) - Urdaburu","isPartOf":{"@id":"https:\/\/urdaburu.eus\/#website"},"primaryImageOfPage":{"@id":"https:\/\/urdaburu.eus\/es\/event\/aslida-abau\/#primaryimage"},"datePublished":"2023-02-03T21:34:16+00:00","dateModified":"2023-09-19T19:00:41+00:00","breadcrumb":{"@id":"https:\/\/urdaburu.eus\/es\/event\/aslida-abau\/#breadcrumb"},"inLanguage":"es","potentialAction":[{"@type":"ReadAction","target":["https:\/\/urdaburu.eus\/es\/event\/aslida-abau\/"]}]},{"@type":"BreadcrumbList","@id":"https:\/\/urdaburu.eus\/es\/event\/aslida-abau\/#breadcrumb","itemListElement":[{"@type":"ListItem","position":1,"name":"Home","item":"https:\/\/urdaburu.eus\/es\/"},{"@type":"ListItem","position":2,"name":"Eventos","item":"https:\/\/urdaburu.eus\/es\/eventos\/"},{"@type":"ListItem","position":3,"name":"Salida a Abau (Suspendida)"}]}]}},"_links":{"self":[{"href":"https:\/\/urdaburu.eus\/es\/wp-json\/wp\/v2\/tribe_events\/4835"}],"collection":[{"href":"https:\/\/urdaburu.eus\/es\/wp-json\/wp\/v2\/tribe_events"}],"about":[{"href":"https:\/\/urdaburu.eus\/es\/wp-json\/wp\/v2\/types\/tribe_events"}],"author":[{"embeddable":true,"href":"https:\/\/urdaburu.eus\/es\/wp-json\/wp\/v2\/users\/4"}],"replies":[{"embeddable":true,"href":"https:\/\/urdaburu.eus\/es\/wp-json\/wp\/v2\/comments?post=4835"}],"version-history":[{"count":6,"href":"https:\/\/urdaburu.eus\/es\/wp-json\/wp\/v2\/tribe_events\/4835\/revisions"}],"predecessor-version":[{"id":5512,"href":"https:\/\/urdaburu.eus\/es\/wp-json\/wp\/v2\/tribe_events\/4835\/revisions\/5512"}],"wp:attachment":[{"href":"https:\/\/urdaburu.eus\/es\/wp-json\/wp\/v2\/media?parent=4835"}],"wp:term":[{"taxonomy":"post_tag","embeddable":true,"href":"https:\/\/urdaburu.eus\/es\/wp-json\/wp\/v2\/tags?post=4835"},{"taxonomy":"tribe_events_cat","embeddable":true,"href":"https:\/\/urdaburu.eus\/es\/wp-json\/wp\/v2\/tribe_events_cat?post=4835"}],"curies":[{"name":"wp","href":"https:\/\/api.w.org\/{rel}","templated":true}]}}