{"id":4892,"date":"2023-02-06T20:23:25","date_gmt":"2023-02-06T19:23:25","guid":{"rendered":"https:\/\/urdaburu.eus\/?post_type=tribe_events&#038;p=4892"},"modified":"2023-02-06T20:23:25","modified_gmt":"2023-02-06T19:23:25","slug":"cursillo-de-esqui-de-fondo-para-escolares-3","status":"publish","type":"tribe_events","link":"https:\/\/urdaburu.eus\/es\/event\/cursillo-de-esqui-de-fondo-para-escolares-3\/","title":{"rendered":"Cursillo de esqu\u00ed de fondo para escolares"},"content":{"rendered":"<p><span style=\"font-weight: 400;\">Podr\u00e1n participar en el cursillo los y las escolares menores nacidos\/as entre 2009 y 2014 (ambos a\u00f1os incluidos), esto es, desde LH3 hasta DBH2. Deber\u00e1n ir acompa\u00f1ados\/as de una persona adulta responsable (una \u00fanica persona podr\u00e1 ser responsable de hasta 3 menores).<\/span><\/p>\n<p><span style=\"font-weight: 400;\">El precio del cursillo es de 30\u20ac para los menores y 50\u20ac para las personas adultas. En el precio se incluye: el autob\u00fas, entrada a pistas (forfait) y dos horas de cursillo con monitores de Somport. En el caso de las personas adultas, el cursillo es opcional y se tiene que formar grupo, el precio sin cursillo es de 35\u20ac.\u00a0<\/span><\/p>\n<p><span style=\"font-weight: 400;\">Se utilizar\u00e1 el material del club, en el caso de los y las escolares el alquiler est\u00e1 incluido en el precio pero en el caso de las personas adultas acompa\u00f1antes tendr\u00e1n que pagar en caso de no ser socias.<\/span><\/p>\n<p><b>Plazo de inscripci\u00f3n:<\/b><\/p>\n<ul>\n<li style=\"font-weight: 400;\" aria-level=\"1\"><span style=\"font-weight: 400;\">Del 7 al 13 de febrero para personas socias de Urdaburu (persona adulta o menor). **<\/span><\/li>\n<li style=\"font-weight: 400;\" aria-level=\"1\"><span style=\"font-weight: 400;\">Del 14 al 19 de febrero para no socias.<\/span><\/li>\n<\/ul>\n<p>&nbsp;<\/p>\n<p><b>La inscripci\u00f3n comenzar\u00e1 el 7 de febrero a las 19:00 horas, y se ha de realizar a trav\u00e9s del siguiente formulario<\/b><span style=\"font-weight: 400;\">:<\/span><\/p>\n<p><a href=\"https:\/\/sites.google.com\/view\/urdaburumendizaleelkartea\/ikastaroak\/2023-02-05-eski-ikastaroa-junior\"><span style=\"font-weight: 400;\">https:\/\/sites.google.com\/view\/urdaburumendizaleelkartea\/ikastaroak\/2023-02-05-eski-ikastaroa-junior<\/span><\/a><\/p>\n<p><span style=\"font-weight: 400;\">Una vez realizada la inscripci\u00f3n, y una vez comprobados los datos recibir\u00e1s un correo para confirmar el registro y con m\u00e1s informaci\u00f3n de la salida, s\u00f3lo entonces puedes realizar el pago correspondiente en la cuenta corriente de la sociedad.<\/span><\/p>\n<p><span style=\"font-weight: 400;\">** La persona responsable que se inscriba debe ser el que acuda a la salida. Si no pudiera acudir tendr\u00eda que ser sustituido\/a por otra persona socia o perder\u00edan la preferencia que tienen.<\/span><\/p>\n","protected":false},"excerpt":{"rendered":"<p>Podr\u00e1n participar en el cursillo los y las escolares menores nacidos\/as entre 2009 y 2014 (ambos a\u00f1os incluidos), esto es, desde LH3 hasta DBH2. Deber\u00e1n<\/p>\n","protected":false},"author":2,"featured_media":0,"comment_status":"closed","ping_status":"closed","template":"","meta":[],"tags":[],"tribe_events_cat":[49],"yoast_head":"<!-- This site is optimized with the Yoast SEO plugin v19.1 - https:\/\/yoast.com\/wordpress\/plugins\/seo\/ -->\n<title>Cursillo de esqu\u00ed de fondo para escolares - Urdaburu<\/title>\n<meta name=\"robots\" content=\"index, follow, max-snippet:-1, max-image-preview:large, max-video-preview:-1\" \/>\n<link rel=\"canonical\" href=\"https:\/\/urdaburu.eus\/es\/event\/cursillo-de-esqui-de-fondo-para-escolares-3\/\" \/>\n<meta property=\"og:locale\" content=\"es_ES\" \/>\n<meta property=\"og:type\" content=\"article\" \/>\n<meta property=\"og:title\" content=\"Cursillo de esqu\u00ed de fondo para escolares - Urdaburu\" \/>\n<meta property=\"og:description\" content=\"Podr\u00e1n participar en el cursillo los y las escolares menores nacidos\/as entre 2009 y 2014 (ambos a\u00f1os incluidos), esto es, desde LH3 hasta DBH2. Deber\u00e1n\" \/>\n<meta property=\"og:url\" content=\"https:\/\/urdaburu.eus\/es\/event\/cursillo-de-esqui-de-fondo-para-escolares-3\/\" \/>\n<meta property=\"og:site_name\" content=\"Urdaburu\" \/>\n<meta name=\"twitter:card\" content=\"summary_large_image\" \/>\n<meta name=\"twitter:label1\" content=\"Est. reading time\" \/>\n\t<meta name=\"twitter:data1\" content=\"2 minutos\" \/>\n<script type=\"application\/ld+json\" class=\"yoast-schema-graph\">{\"@context\":\"https:\/\/schema.org\",\"@graph\":[{\"@type\":\"WebSite\",\"@id\":\"https:\/\/urdaburu.eus\/#website\",\"url\":\"https:\/\/urdaburu.eus\/\",\"name\":\"Urdaburu\",\"description\":\"Grupo de Monta\u00f1a \",\"potentialAction\":[{\"@type\":\"SearchAction\",\"target\":{\"@type\":\"EntryPoint\",\"urlTemplate\":\"https:\/\/urdaburu.eus\/?s={search_term_string}\"},\"query-input\":\"required name=search_term_string\"}],\"inLanguage\":\"es\"},{\"@type\":\"WebPage\",\"@id\":\"https:\/\/urdaburu.eus\/es\/event\/cursillo-de-esqui-de-fondo-para-escolares-3\/#webpage\",\"url\":\"https:\/\/urdaburu.eus\/es\/event\/cursillo-de-esqui-de-fondo-para-escolares-3\/\",\"name\":\"Cursillo de esqu\u00ed de fondo para escolares - Urdaburu\",\"isPartOf\":{\"@id\":\"https:\/\/urdaburu.eus\/#website\"},\"datePublished\":\"2023-02-06T19:23:25+00:00\",\"dateModified\":\"2023-02-06T19:23:25+00:00\",\"breadcrumb\":{\"@id\":\"https:\/\/urdaburu.eus\/es\/event\/cursillo-de-esqui-de-fondo-para-escolares-3\/#breadcrumb\"},\"inLanguage\":\"es\",\"potentialAction\":[{\"@type\":\"ReadAction\",\"target\":[\"https:\/\/urdaburu.eus\/es\/event\/cursillo-de-esqui-de-fondo-para-escolares-3\/\"]}]},{\"@type\":\"BreadcrumbList\",\"@id\":\"https:\/\/urdaburu.eus\/es\/event\/cursillo-de-esqui-de-fondo-para-escolares-3\/#breadcrumb\",\"itemListElement\":[{\"@type\":\"ListItem\",\"position\":1,\"name\":\"Home\",\"item\":\"https:\/\/urdaburu.eus\/es\/\"},{\"@type\":\"ListItem\",\"position\":2,\"name\":\"Eventos\",\"item\":\"https:\/\/urdaburu.eus\/es\/eventos\/\"},{\"@type\":\"ListItem\",\"position\":3,\"name\":\"Cursillo de esqu\u00ed de fondo para escolares\"}]}]}<\/script>\n<!-- \/ Yoast SEO plugin. -->","yoast_head_json":{"title":"Cursillo de esqu\u00ed de fondo para escolares - Urdaburu","robots":{"index":"index","follow":"follow","max-snippet":"max-snippet:-1","max-image-preview":"max-image-preview:large","max-video-preview":"max-video-preview:-1"},"canonical":"https:\/\/urdaburu.eus\/es\/event\/cursillo-de-esqui-de-fondo-para-escolares-3\/","og_locale":"es_ES","og_type":"article","og_title":"Cursillo de esqu\u00ed de fondo para escolares - Urdaburu","og_description":"Podr\u00e1n participar en el cursillo los y las escolares menores nacidos\/as entre 2009 y 2014 (ambos a\u00f1os incluidos), esto es, desde LH3 hasta DBH2. Deber\u00e1n","og_url":"https:\/\/urdaburu.eus\/es\/event\/cursillo-de-esqui-de-fondo-para-escolares-3\/","og_site_name":"Urdaburu","twitter_card":"summary_large_image","twitter_misc":{"Est. reading time":"2 minutos"},"schema":{"@context":"https:\/\/schema.org","@graph":[{"@type":"WebSite","@id":"https:\/\/urdaburu.eus\/#website","url":"https:\/\/urdaburu.eus\/","name":"Urdaburu","description":"Grupo de Monta\u00f1a ","potentialAction":[{"@type":"SearchAction","target":{"@type":"EntryPoint","urlTemplate":"https:\/\/urdaburu.eus\/?s={search_term_string}"},"query-input":"required name=search_term_string"}],"inLanguage":"es"},{"@type":"WebPage","@id":"https:\/\/urdaburu.eus\/es\/event\/cursillo-de-esqui-de-fondo-para-escolares-3\/#webpage","url":"https:\/\/urdaburu.eus\/es\/event\/cursillo-de-esqui-de-fondo-para-escolares-3\/","name":"Cursillo de esqu\u00ed de fondo para escolares - Urdaburu","isPartOf":{"@id":"https:\/\/urdaburu.eus\/#website"},"datePublished":"2023-02-06T19:23:25+00:00","dateModified":"2023-02-06T19:23:25+00:00","breadcrumb":{"@id":"https:\/\/urdaburu.eus\/es\/event\/cursillo-de-esqui-de-fondo-para-escolares-3\/#breadcrumb"},"inLanguage":"es","potentialAction":[{"@type":"ReadAction","target":["https:\/\/urdaburu.eus\/es\/event\/cursillo-de-esqui-de-fondo-para-escolares-3\/"]}]},{"@type":"BreadcrumbList","@id":"https:\/\/urdaburu.eus\/es\/event\/cursillo-de-esqui-de-fondo-para-escolares-3\/#breadcrumb","itemListElement":[{"@type":"ListItem","position":1,"name":"Home","item":"https:\/\/urdaburu.eus\/es\/"},{"@type":"ListItem","position":2,"name":"Eventos","item":"https:\/\/urdaburu.eus\/es\/eventos\/"},{"@type":"ListItem","position":3,"name":"Cursillo de esqu\u00ed de fondo para escolares"}]}]}},"_links":{"self":[{"href":"https:\/\/urdaburu.eus\/es\/wp-json\/wp\/v2\/tribe_events\/4892"}],"collection":[{"href":"https:\/\/urdaburu.eus\/es\/wp-json\/wp\/v2\/tribe_events"}],"about":[{"href":"https:\/\/urdaburu.eus\/es\/wp-json\/wp\/v2\/types\/tribe_events"}],"author":[{"embeddable":true,"href":"https:\/\/urdaburu.eus\/es\/wp-json\/wp\/v2\/users\/2"}],"replies":[{"embeddable":true,"href":"https:\/\/urdaburu.eus\/es\/wp-json\/wp\/v2\/comments?post=4892"}],"version-history":[{"count":1,"href":"https:\/\/urdaburu.eus\/es\/wp-json\/wp\/v2\/tribe_events\/4892\/revisions"}],"predecessor-version":[{"id":4893,"href":"https:\/\/urdaburu.eus\/es\/wp-json\/wp\/v2\/tribe_events\/4892\/revisions\/4893"}],"wp:attachment":[{"href":"https:\/\/urdaburu.eus\/es\/wp-json\/wp\/v2\/media?parent=4892"}],"wp:term":[{"taxonomy":"post_tag","embeddable":true,"href":"https:\/\/urdaburu.eus\/es\/wp-json\/wp\/v2\/tags?post=4892"},{"taxonomy":"tribe_events_cat","embeddable":true,"href":"https:\/\/urdaburu.eus\/es\/wp-json\/wp\/v2\/tribe_events_cat?post=4892"}],"curies":[{"name":"wp","href":"https:\/\/api.w.org\/{rel}","templated":true}]}}