{"id":5845,"date":"2023-12-18T10:38:26","date_gmt":"2023-12-18T09:38:26","guid":{"rendered":"https:\/\/urdaburu.eus\/?post_type=tribe_events&#038;p=5845"},"modified":"2024-04-11T13:36:51","modified_gmt":"2024-04-11T12:36:51","slug":"fvm-100-anos-arthanolatze-1530","status":"publish","type":"tribe_events","link":"https:\/\/urdaburu.eus\/es\/event\/fvm-100-anos-arthanolatze-1530\/","title":{"rendered":"FVM 100 a\u00f1os: Arthanolatze (1531)"},"content":{"rendered":"<p>Esta salida especial forma parte de los actos para conmemorar el 100 aniversario de la Federaci\u00f3n Vasca de Monta\u00f1a (FVM). El reto de este fin de semana (27-28 de abril) ser\u00e1 subir 100 monta\u00f1as de Euskal Herria (\u00ab100 a\u00f1os 100 monta\u00f1as\u00bb) entre diferentes clubs de monta\u00f1a, sacando una foto en cada cima con la bandera del 100 aniversario. Como Urdaburu M.E participaremos con el monte Arthanolatze (1531) de Zuberoa, realizando una traves\u00eda de toda su sierra desde Bagargi hasta Salbatore.<br \/>\nSobre los actos del 100 aniversario de la FVM:<br \/>\n<a href=\"https:\/\/emf.eus\/euskal-mendizale-federazioa-celebra-su-centenario-con-un-amplio-programa-de-actividades-para-todo-2024\/\" target=\"_BLANK\" rel=\"noopener\">https:\/\/emf.eus\/euskal-mendizale-federazioa-celebra-su-centenario-con-un-amplio-programa-de-actividades-para-todo-2024\/<\/a><\/p>\n<p><img loading=\"lazy\" src=\"https:\/\/onedrive.live.com\/embed?resid=C7432AF8BBF5BF78%213287&amp;authkey=%21AHNybwXwCGYza8o&amp;width=800&amp;height=221\" width=\"800\" height=\"221\" \/><br \/>\n<b>RECORRIDO: <\/b> Bagargi &#8211; Eskaleta (1472)\u25b2- ARTHANOLATZE (1531)\u25b2 &#8211; Xardeka (1439)\u25b2- Mendibeltz (1411)\u25b2- Burdinkurutzeta &#8211; Saroberri (1338)\u25b2- Salbatore [12 km ; 800m ; 4h30]<br \/>\n<b>AUTOBUS:<\/b> A las 7:30 en Errenteria (parada de Alameda) y a las 7:35 en Lintzirin.<br \/>\n<b>APUNTARSE: <\/b>Como de costumbre. Martes y jueves de 19:00 a 21:00, en nuestro local o llamando al tel\u00e9fono 943-527879.<br \/>\nO rellenando este formulario web:<br \/>\n<a href=\"https:\/\/sites.google.com\/view\/urdaburumendizaleelkartea\/irteerak\/2024-4-27-bagargi-salbatore\" target=\"_blank\" rel=\"noopener\">https:\/\/sites.google.com\/view\/urdaburumendizaleelkartea\/irteerak\/2024-4-27-bagargi-salbatore<\/a><\/p>\n<p><b>DESCARGA DE ARCHIVOS<\/b><br \/>\nEn la siguiente carpeta p\u00fablica:<br \/>\n<a href=\"https:\/\/onedrive.live.com\/?authkey=%21ACRX3Yh2BYCrQ6A&amp;id=C7432AF8BBF5BF78%213283&amp;cid=C7432AF8BBF5BF78\" target=\"_blank\" rel=\"noopener\">https:\/\/onedrive.live.com\/?authkey=%21ACRX3Yh2BYCrQ6A&amp;id=C7432AF8BBF5BF78%213283&amp;cid=C7432AF8BBF5BF78<\/a><\/p>\n<p><b>GOOGLE MAPS<\/b><br \/>\n<iframe loading=\"lazy\" src=\"https:\/\/www.google.com\/maps\/d\/embed?mid=1YK-C1eQjzu_ivYJWU89BTjiJASgJx4g&amp;ehbc=2E312F\" width=\"800\" height=\"600\" data-mce-fragment=\"1\"><\/iframe><\/p>\n","protected":false},"excerpt":{"rendered":"<p>Esta salida especial forma parte de los actos para conmemorar el 100 aniversario de la Federaci\u00f3n Vasca de Monta\u00f1a (FVM). El reto de este fin<\/p>\n","protected":false},"author":4,"featured_media":0,"comment_status":"closed","ping_status":"closed","template":"","meta":[],"tags":[],"tribe_events_cat":[39],"yoast_head":"<!-- This site is optimized with the Yoast SEO plugin v19.1 - https:\/\/yoast.com\/wordpress\/plugins\/seo\/ -->\n<title>FVM 100 a\u00f1os: Arthanolatze (1531) - Urdaburu<\/title>\n<meta name=\"robots\" content=\"index, follow, max-snippet:-1, max-image-preview:large, max-video-preview:-1\" \/>\n<link rel=\"canonical\" href=\"https:\/\/urdaburu.eus\/es\/event\/fvm-100-anos-arthanolatze-1530\/\" \/>\n<meta property=\"og:locale\" content=\"es_ES\" \/>\n<meta property=\"og:type\" content=\"article\" \/>\n<meta property=\"og:title\" content=\"FVM 100 a\u00f1os: Arthanolatze (1531) - Urdaburu\" \/>\n<meta property=\"og:description\" content=\"Esta salida especial forma parte de los actos para conmemorar el 100 aniversario de la Federaci\u00f3n Vasca de Monta\u00f1a (FVM). El reto de este fin\" \/>\n<meta property=\"og:url\" content=\"https:\/\/urdaburu.eus\/es\/event\/fvm-100-anos-arthanolatze-1530\/\" \/>\n<meta property=\"og:site_name\" content=\"Urdaburu\" \/>\n<meta property=\"article:modified_time\" content=\"2024-04-11T12:36:51+00:00\" \/>\n<meta property=\"og:image\" content=\"https:\/\/onedrive.live.com\/embed?resid=C7432AF8BBF5BF78%213287&#038;authkey=%21AHNybwXwCGYza8o&#038;width=800&#038;height=221\" \/>\n<meta name=\"twitter:card\" content=\"summary_large_image\" \/>\n<meta name=\"twitter:label1\" content=\"Est. reading time\" \/>\n\t<meta name=\"twitter:data1\" content=\"2 minutos\" \/>\n<script type=\"application\/ld+json\" class=\"yoast-schema-graph\">{\"@context\":\"https:\/\/schema.org\",\"@graph\":[{\"@type\":\"WebSite\",\"@id\":\"https:\/\/urdaburu.eus\/#website\",\"url\":\"https:\/\/urdaburu.eus\/\",\"name\":\"Urdaburu\",\"description\":\"Grupo de Monta\u00f1a \",\"potentialAction\":[{\"@type\":\"SearchAction\",\"target\":{\"@type\":\"EntryPoint\",\"urlTemplate\":\"https:\/\/urdaburu.eus\/?s={search_term_string}\"},\"query-input\":\"required name=search_term_string\"}],\"inLanguage\":\"es\"},{\"@type\":\"ImageObject\",\"inLanguage\":\"es\",\"@id\":\"https:\/\/urdaburu.eus\/es\/event\/fvm-100-anos-arthanolatze-1530\/#primaryimage\",\"url\":\"https:\/\/onedrive.live.com\/embed?resid=C7432AF8BBF5BF78%213287&amp;authkey=%21AHNybwXwCGYza8o&amp;width=800&amp;height=221\",\"contentUrl\":\"https:\/\/onedrive.live.com\/embed?resid=C7432AF8BBF5BF78%213287&amp;authkey=%21AHNybwXwCGYza8o&amp;width=800&amp;height=221\"},{\"@type\":\"WebPage\",\"@id\":\"https:\/\/urdaburu.eus\/es\/event\/fvm-100-anos-arthanolatze-1530\/#webpage\",\"url\":\"https:\/\/urdaburu.eus\/es\/event\/fvm-100-anos-arthanolatze-1530\/\",\"name\":\"FVM 100 a\u00f1os: Arthanolatze (1531) - Urdaburu\",\"isPartOf\":{\"@id\":\"https:\/\/urdaburu.eus\/#website\"},\"primaryImageOfPage\":{\"@id\":\"https:\/\/urdaburu.eus\/es\/event\/fvm-100-anos-arthanolatze-1530\/#primaryimage\"},\"datePublished\":\"2023-12-18T09:38:26+00:00\",\"dateModified\":\"2024-04-11T12:36:51+00:00\",\"breadcrumb\":{\"@id\":\"https:\/\/urdaburu.eus\/es\/event\/fvm-100-anos-arthanolatze-1530\/#breadcrumb\"},\"inLanguage\":\"es\",\"potentialAction\":[{\"@type\":\"ReadAction\",\"target\":[\"https:\/\/urdaburu.eus\/es\/event\/fvm-100-anos-arthanolatze-1530\/\"]}]},{\"@type\":\"BreadcrumbList\",\"@id\":\"https:\/\/urdaburu.eus\/es\/event\/fvm-100-anos-arthanolatze-1530\/#breadcrumb\",\"itemListElement\":[{\"@type\":\"ListItem\",\"position\":1,\"name\":\"Home\",\"item\":\"https:\/\/urdaburu.eus\/es\/\"},{\"@type\":\"ListItem\",\"position\":2,\"name\":\"Eventos\",\"item\":\"https:\/\/urdaburu.eus\/es\/eventos\/\"},{\"@type\":\"ListItem\",\"position\":3,\"name\":\"FVM 100 a\u00f1os: Arthanolatze (1531)\"}]}]}<\/script>\n<!-- \/ Yoast SEO plugin. -->","yoast_head_json":{"title":"FVM 100 a\u00f1os: Arthanolatze (1531) - Urdaburu","robots":{"index":"index","follow":"follow","max-snippet":"max-snippet:-1","max-image-preview":"max-image-preview:large","max-video-preview":"max-video-preview:-1"},"canonical":"https:\/\/urdaburu.eus\/es\/event\/fvm-100-anos-arthanolatze-1530\/","og_locale":"es_ES","og_type":"article","og_title":"FVM 100 a\u00f1os: Arthanolatze (1531) - Urdaburu","og_description":"Esta salida especial forma parte de los actos para conmemorar el 100 aniversario de la Federaci\u00f3n Vasca de Monta\u00f1a (FVM). El reto de este fin","og_url":"https:\/\/urdaburu.eus\/es\/event\/fvm-100-anos-arthanolatze-1530\/","og_site_name":"Urdaburu","article_modified_time":"2024-04-11T12:36:51+00:00","og_image":[{"url":"https:\/\/onedrive.live.com\/embed?resid=C7432AF8BBF5BF78%213287&amp;authkey=%21AHNybwXwCGYza8o&amp;width=800&amp;height=221"}],"twitter_card":"summary_large_image","twitter_misc":{"Est. reading time":"2 minutos"},"schema":{"@context":"https:\/\/schema.org","@graph":[{"@type":"WebSite","@id":"https:\/\/urdaburu.eus\/#website","url":"https:\/\/urdaburu.eus\/","name":"Urdaburu","description":"Grupo de Monta\u00f1a ","potentialAction":[{"@type":"SearchAction","target":{"@type":"EntryPoint","urlTemplate":"https:\/\/urdaburu.eus\/?s={search_term_string}"},"query-input":"required name=search_term_string"}],"inLanguage":"es"},{"@type":"ImageObject","inLanguage":"es","@id":"https:\/\/urdaburu.eus\/es\/event\/fvm-100-anos-arthanolatze-1530\/#primaryimage","url":"https:\/\/onedrive.live.com\/embed?resid=C7432AF8BBF5BF78%213287&amp;authkey=%21AHNybwXwCGYza8o&amp;width=800&amp;height=221","contentUrl":"https:\/\/onedrive.live.com\/embed?resid=C7432AF8BBF5BF78%213287&amp;authkey=%21AHNybwXwCGYza8o&amp;width=800&amp;height=221"},{"@type":"WebPage","@id":"https:\/\/urdaburu.eus\/es\/event\/fvm-100-anos-arthanolatze-1530\/#webpage","url":"https:\/\/urdaburu.eus\/es\/event\/fvm-100-anos-arthanolatze-1530\/","name":"FVM 100 a\u00f1os: Arthanolatze (1531) - Urdaburu","isPartOf":{"@id":"https:\/\/urdaburu.eus\/#website"},"primaryImageOfPage":{"@id":"https:\/\/urdaburu.eus\/es\/event\/fvm-100-anos-arthanolatze-1530\/#primaryimage"},"datePublished":"2023-12-18T09:38:26+00:00","dateModified":"2024-04-11T12:36:51+00:00","breadcrumb":{"@id":"https:\/\/urdaburu.eus\/es\/event\/fvm-100-anos-arthanolatze-1530\/#breadcrumb"},"inLanguage":"es","potentialAction":[{"@type":"ReadAction","target":["https:\/\/urdaburu.eus\/es\/event\/fvm-100-anos-arthanolatze-1530\/"]}]},{"@type":"BreadcrumbList","@id":"https:\/\/urdaburu.eus\/es\/event\/fvm-100-anos-arthanolatze-1530\/#breadcrumb","itemListElement":[{"@type":"ListItem","position":1,"name":"Home","item":"https:\/\/urdaburu.eus\/es\/"},{"@type":"ListItem","position":2,"name":"Eventos","item":"https:\/\/urdaburu.eus\/es\/eventos\/"},{"@type":"ListItem","position":3,"name":"FVM 100 a\u00f1os: Arthanolatze (1531)"}]}]}},"_links":{"self":[{"href":"https:\/\/urdaburu.eus\/es\/wp-json\/wp\/v2\/tribe_events\/5845"}],"collection":[{"href":"https:\/\/urdaburu.eus\/es\/wp-json\/wp\/v2\/tribe_events"}],"about":[{"href":"https:\/\/urdaburu.eus\/es\/wp-json\/wp\/v2\/types\/tribe_events"}],"author":[{"embeddable":true,"href":"https:\/\/urdaburu.eus\/es\/wp-json\/wp\/v2\/users\/4"}],"replies":[{"embeddable":true,"href":"https:\/\/urdaburu.eus\/es\/wp-json\/wp\/v2\/comments?post=5845"}],"version-history":[{"count":4,"href":"https:\/\/urdaburu.eus\/es\/wp-json\/wp\/v2\/tribe_events\/5845\/revisions"}],"predecessor-version":[{"id":6329,"href":"https:\/\/urdaburu.eus\/es\/wp-json\/wp\/v2\/tribe_events\/5845\/revisions\/6329"}],"wp:attachment":[{"href":"https:\/\/urdaburu.eus\/es\/wp-json\/wp\/v2\/media?parent=5845"}],"wp:term":[{"taxonomy":"post_tag","embeddable":true,"href":"https:\/\/urdaburu.eus\/es\/wp-json\/wp\/v2\/tags?post=5845"},{"taxonomy":"tribe_events_cat","embeddable":true,"href":"https:\/\/urdaburu.eus\/es\/wp-json\/wp\/v2\/tribe_events_cat?post=5845"}],"curies":[{"name":"wp","href":"https:\/\/api.w.org\/{rel}","templated":true}]}}