{"id":7962,"date":"2025-12-30T17:51:28","date_gmt":"2025-12-30T16:51:28","guid":{"rendered":"https:\/\/urdaburu.eus\/?post_type=tribe_events&#038;p=7962"},"modified":"2026-02-10T12:02:31","modified_gmt":"2026-02-10T11:02:31","slug":"vuelta-a-oarsoaldea-2a-etapa-parador-cantina","status":"publish","type":"tribe_events","link":"https:\/\/urdaburu.eus\/es\/event\/vuelta-a-oarsoaldea-2a-etapa-parador-cantina\/","title":{"rendered":"Vuelta a Oarsoaldea: 2\u00aa etapa: Parador-Cantina"},"content":{"rendered":"<p><img src=\"https:\/\/1drv.ms\/i\/c\/c7432af8bbf5bf78\/IQRayQ86PAnIT6f84Bgt4sPmAVYrD70EAj7b9MLuVphoIys\" \/><br \/>\n<b>AUTOBUS:<\/b> A las 7:30 en Errenteria (parada de Alameda) y a las 7:35 en Lintzirin.<br \/>\n<b>APUNTARSE<\/b>: Martes y jueves de 19:00 a 21:00, en nuestro local o llamando al tel\u00e9fono 943-527879.<br \/>\nO rellenando este formulario web:<br \/>\n<a href=\"https:\/\/sites.google.com\/view\/urdaburumendizaleelkartea\/irteerak\/2026-2-21-oarsoaldeko-bira\" target=\"_blank\" rel=\"noopener\">https:\/\/sites.google.com\/view\/urdaburumendizaleelkartea\/irteerak\/2026-2-21-oarsoaldeko-bira<\/a><br \/>\n<span style=\"color: red;\"><b>NOTAS:<\/b><\/span>El recorrido lo haremos en sentido contrario al inicialmente previsto, porque sale menor desnivel y para facilitar la log\u00edstica: el tramo final (el m\u00e1s duro) tendr\u00e1 una alternativa m\u00e1s suave y c\u00f3moda por arriba. Por otra parte, tras la vuelta en autob\u00fas, podremos comer de lo nuestro, en nuestro local social de Errenteria.<\/p>\n<hr \/>\n<p><b>DESCARGA DE ARCHIVOS<\/b><br \/>\nEn la siguiente carpeta p\u00fablica:<br \/>\n<a href=\"https:\/\/onedrive.live.com\/?redeem=aHR0cHM6Ly8xZHJ2Lm1zL2YvYy9jNzQzMmFmOGJiZjViZjc4L0lnQ0pqOGVKek5JbVRyX1lGSEc3MDhEYUFUQ1lKdmdxYnJ0N3pjQ09EV1FmRlBZP2U9aFpmbzI1&amp;id=C7432AF8BBF5BF78%21s89c78f89d2cc4e26bfd81471bbd3c0da&amp;cid=C7432AF8BBF5BF78\" target=\"_blank\" rel=\"noopener\"> https:\/\/onedrive.live.com\/?redeem=aHR0cHM6Ly8xZHJ2Lm1zL2YvYy9jNzQzMmFmOGJiZjViZjc4L0lnQ0pqOGVKek5JbVRyX1lGSEc3MDhEYUFUQ1lKdmdxYnJ0N3pjQ09EV1FmRlBZP2U9aFpmbzI1&amp;id=C7432AF8BBF5BF78%21s89c78f89d2cc4e26bfd81471bbd3c0da&amp;cid=C7432AF8BBF5BF78<\/a><\/p>\n<p><b>GOOGLE MAPS<\/b><br \/>\n<iframe loading=\"lazy\" src=\"https:\/\/www.google.com\/maps\/d\/embed?mid=1Qh2HFeRALi6FcZW4CS7mGUZo0Y27hBg&amp;ehbc=2E312F\" width=\"800\" height=\"600\" data-mce-fragment=\"1\"><\/iframe><\/p>\n","protected":false},"excerpt":{"rendered":"<p>AUTOBUS: A las 7:30 en Errenteria (parada de Alameda) y a las 7:35 en Lintzirin. APUNTARSE: Martes y jueves de 19:00 a 21:00, en nuestro<\/p>\n","protected":false},"author":4,"featured_media":0,"comment_status":"closed","ping_status":"closed","template":"","meta":[],"tags":[],"tribe_events_cat":[39],"yoast_head":"<!-- This site is optimized with the Yoast SEO plugin v19.1 - https:\/\/yoast.com\/wordpress\/plugins\/seo\/ -->\n<title>Vuelta a Oarsoaldea: 2\u00aa etapa: Parador-Cantina - Urdaburu<\/title>\n<meta name=\"robots\" content=\"index, follow, max-snippet:-1, max-image-preview:large, max-video-preview:-1\" \/>\n<link rel=\"canonical\" href=\"https:\/\/urdaburu.eus\/es\/event\/vuelta-a-oarsoaldea-2a-etapa-parador-cantina\/\" \/>\n<meta property=\"og:locale\" content=\"es_ES\" \/>\n<meta property=\"og:type\" content=\"article\" \/>\n<meta property=\"og:title\" content=\"Vuelta a Oarsoaldea: 2\u00aa etapa: Parador-Cantina - Urdaburu\" \/>\n<meta property=\"og:description\" content=\"AUTOBUS: A las 7:30 en Errenteria (parada de Alameda) y a las 7:35 en Lintzirin. APUNTARSE: Martes y jueves de 19:00 a 21:00, en nuestro\" \/>\n<meta property=\"og:url\" content=\"https:\/\/urdaburu.eus\/es\/event\/vuelta-a-oarsoaldea-2a-etapa-parador-cantina\/\" \/>\n<meta property=\"og:site_name\" content=\"Urdaburu\" \/>\n<meta property=\"article:modified_time\" content=\"2026-02-10T11:02:31+00:00\" \/>\n<meta property=\"og:image\" content=\"https:\/\/1drv.ms\/i\/c\/c7432af8bbf5bf78\/IQRayQ86PAnIT6f84Bgt4sPmAVYrD70EAj7b9MLuVphoIys\" \/>\n<meta name=\"twitter:card\" content=\"summary_large_image\" \/>\n<meta name=\"twitter:label1\" content=\"Est. reading time\" \/>\n\t<meta name=\"twitter:data1\" content=\"1 minuto\" \/>\n<script type=\"application\/ld+json\" class=\"yoast-schema-graph\">{\"@context\":\"https:\/\/schema.org\",\"@graph\":[{\"@type\":\"WebSite\",\"@id\":\"https:\/\/urdaburu.eus\/#website\",\"url\":\"https:\/\/urdaburu.eus\/\",\"name\":\"Urdaburu\",\"description\":\"Grupo de Monta\u00f1a \",\"potentialAction\":[{\"@type\":\"SearchAction\",\"target\":{\"@type\":\"EntryPoint\",\"urlTemplate\":\"https:\/\/urdaburu.eus\/?s={search_term_string}\"},\"query-input\":\"required name=search_term_string\"}],\"inLanguage\":\"es\"},{\"@type\":\"ImageObject\",\"inLanguage\":\"es\",\"@id\":\"https:\/\/urdaburu.eus\/es\/event\/vuelta-a-oarsoaldea-2a-etapa-parador-cantina\/#primaryimage\",\"url\":\"https:\/\/1drv.ms\/i\/c\/c7432af8bbf5bf78\/IQRayQ86PAnIT6f84Bgt4sPmAVYrD70EAj7b9MLuVphoIys\",\"contentUrl\":\"https:\/\/1drv.ms\/i\/c\/c7432af8bbf5bf78\/IQRayQ86PAnIT6f84Bgt4sPmAVYrD70EAj7b9MLuVphoIys\"},{\"@type\":\"WebPage\",\"@id\":\"https:\/\/urdaburu.eus\/es\/event\/vuelta-a-oarsoaldea-2a-etapa-parador-cantina\/#webpage\",\"url\":\"https:\/\/urdaburu.eus\/es\/event\/vuelta-a-oarsoaldea-2a-etapa-parador-cantina\/\",\"name\":\"Vuelta a Oarsoaldea: 2\u00aa etapa: Parador-Cantina - Urdaburu\",\"isPartOf\":{\"@id\":\"https:\/\/urdaburu.eus\/#website\"},\"primaryImageOfPage\":{\"@id\":\"https:\/\/urdaburu.eus\/es\/event\/vuelta-a-oarsoaldea-2a-etapa-parador-cantina\/#primaryimage\"},\"datePublished\":\"2025-12-30T16:51:28+00:00\",\"dateModified\":\"2026-02-10T11:02:31+00:00\",\"breadcrumb\":{\"@id\":\"https:\/\/urdaburu.eus\/es\/event\/vuelta-a-oarsoaldea-2a-etapa-parador-cantina\/#breadcrumb\"},\"inLanguage\":\"es\",\"potentialAction\":[{\"@type\":\"ReadAction\",\"target\":[\"https:\/\/urdaburu.eus\/es\/event\/vuelta-a-oarsoaldea-2a-etapa-parador-cantina\/\"]}]},{\"@type\":\"BreadcrumbList\",\"@id\":\"https:\/\/urdaburu.eus\/es\/event\/vuelta-a-oarsoaldea-2a-etapa-parador-cantina\/#breadcrumb\",\"itemListElement\":[{\"@type\":\"ListItem\",\"position\":1,\"name\":\"Home\",\"item\":\"https:\/\/urdaburu.eus\/es\/\"},{\"@type\":\"ListItem\",\"position\":2,\"name\":\"Eventos\",\"item\":\"https:\/\/urdaburu.eus\/es\/eventos\/\"},{\"@type\":\"ListItem\",\"position\":3,\"name\":\"Vuelta a Oarsoaldea: 2\u00aa etapa: Parador-Cantina\"}]}]}<\/script>\n<!-- \/ Yoast SEO plugin. -->","yoast_head_json":{"title":"Vuelta a Oarsoaldea: 2\u00aa etapa: Parador-Cantina - Urdaburu","robots":{"index":"index","follow":"follow","max-snippet":"max-snippet:-1","max-image-preview":"max-image-preview:large","max-video-preview":"max-video-preview:-1"},"canonical":"https:\/\/urdaburu.eus\/es\/event\/vuelta-a-oarsoaldea-2a-etapa-parador-cantina\/","og_locale":"es_ES","og_type":"article","og_title":"Vuelta a Oarsoaldea: 2\u00aa etapa: Parador-Cantina - Urdaburu","og_description":"AUTOBUS: A las 7:30 en Errenteria (parada de Alameda) y a las 7:35 en Lintzirin. APUNTARSE: Martes y jueves de 19:00 a 21:00, en nuestro","og_url":"https:\/\/urdaburu.eus\/es\/event\/vuelta-a-oarsoaldea-2a-etapa-parador-cantina\/","og_site_name":"Urdaburu","article_modified_time":"2026-02-10T11:02:31+00:00","og_image":[{"url":"https:\/\/1drv.ms\/i\/c\/c7432af8bbf5bf78\/IQRayQ86PAnIT6f84Bgt4sPmAVYrD70EAj7b9MLuVphoIys"}],"twitter_card":"summary_large_image","twitter_misc":{"Est. reading time":"1 minuto"},"schema":{"@context":"https:\/\/schema.org","@graph":[{"@type":"WebSite","@id":"https:\/\/urdaburu.eus\/#website","url":"https:\/\/urdaburu.eus\/","name":"Urdaburu","description":"Grupo de Monta\u00f1a ","potentialAction":[{"@type":"SearchAction","target":{"@type":"EntryPoint","urlTemplate":"https:\/\/urdaburu.eus\/?s={search_term_string}"},"query-input":"required name=search_term_string"}],"inLanguage":"es"},{"@type":"ImageObject","inLanguage":"es","@id":"https:\/\/urdaburu.eus\/es\/event\/vuelta-a-oarsoaldea-2a-etapa-parador-cantina\/#primaryimage","url":"https:\/\/1drv.ms\/i\/c\/c7432af8bbf5bf78\/IQRayQ86PAnIT6f84Bgt4sPmAVYrD70EAj7b9MLuVphoIys","contentUrl":"https:\/\/1drv.ms\/i\/c\/c7432af8bbf5bf78\/IQRayQ86PAnIT6f84Bgt4sPmAVYrD70EAj7b9MLuVphoIys"},{"@type":"WebPage","@id":"https:\/\/urdaburu.eus\/es\/event\/vuelta-a-oarsoaldea-2a-etapa-parador-cantina\/#webpage","url":"https:\/\/urdaburu.eus\/es\/event\/vuelta-a-oarsoaldea-2a-etapa-parador-cantina\/","name":"Vuelta a Oarsoaldea: 2\u00aa etapa: Parador-Cantina - Urdaburu","isPartOf":{"@id":"https:\/\/urdaburu.eus\/#website"},"primaryImageOfPage":{"@id":"https:\/\/urdaburu.eus\/es\/event\/vuelta-a-oarsoaldea-2a-etapa-parador-cantina\/#primaryimage"},"datePublished":"2025-12-30T16:51:28+00:00","dateModified":"2026-02-10T11:02:31+00:00","breadcrumb":{"@id":"https:\/\/urdaburu.eus\/es\/event\/vuelta-a-oarsoaldea-2a-etapa-parador-cantina\/#breadcrumb"},"inLanguage":"es","potentialAction":[{"@type":"ReadAction","target":["https:\/\/urdaburu.eus\/es\/event\/vuelta-a-oarsoaldea-2a-etapa-parador-cantina\/"]}]},{"@type":"BreadcrumbList","@id":"https:\/\/urdaburu.eus\/es\/event\/vuelta-a-oarsoaldea-2a-etapa-parador-cantina\/#breadcrumb","itemListElement":[{"@type":"ListItem","position":1,"name":"Home","item":"https:\/\/urdaburu.eus\/es\/"},{"@type":"ListItem","position":2,"name":"Eventos","item":"https:\/\/urdaburu.eus\/es\/eventos\/"},{"@type":"ListItem","position":3,"name":"Vuelta a Oarsoaldea: 2\u00aa etapa: Parador-Cantina"}]}]}},"_links":{"self":[{"href":"https:\/\/urdaburu.eus\/es\/wp-json\/wp\/v2\/tribe_events\/7962"}],"collection":[{"href":"https:\/\/urdaburu.eus\/es\/wp-json\/wp\/v2\/tribe_events"}],"about":[{"href":"https:\/\/urdaburu.eus\/es\/wp-json\/wp\/v2\/types\/tribe_events"}],"author":[{"embeddable":true,"href":"https:\/\/urdaburu.eus\/es\/wp-json\/wp\/v2\/users\/4"}],"replies":[{"embeddable":true,"href":"https:\/\/urdaburu.eus\/es\/wp-json\/wp\/v2\/comments?post=7962"}],"version-history":[{"count":3,"href":"https:\/\/urdaburu.eus\/es\/wp-json\/wp\/v2\/tribe_events\/7962\/revisions"}],"predecessor-version":[{"id":8098,"href":"https:\/\/urdaburu.eus\/es\/wp-json\/wp\/v2\/tribe_events\/7962\/revisions\/8098"}],"wp:attachment":[{"href":"https:\/\/urdaburu.eus\/es\/wp-json\/wp\/v2\/media?parent=7962"}],"wp:term":[{"taxonomy":"post_tag","embeddable":true,"href":"https:\/\/urdaburu.eus\/es\/wp-json\/wp\/v2\/tags?post=7962"},{"taxonomy":"tribe_events_cat","embeddable":true,"href":"https:\/\/urdaburu.eus\/es\/wp-json\/wp\/v2\/tribe_events_cat?post=7962"}],"curies":[{"name":"wp","href":"https:\/\/api.w.org\/{rel}","templated":true}]}}